{"id":1175,"date":"2023-02-10T21:34:45","date_gmt":"2023-02-11T00:34:45","guid":{"rendered":"https:\/\/logan.com.br\/tayahnovo\/?page_id=1175"},"modified":"2025-05-19T09:38:19","modified_gmt":"2025-05-19T12:38:19","slug":"alianca-juridica","status":"publish","type":"page","link":"https:\/\/tayah.com.br\/new\/alianca-juridica\/","title":{"rendered":"Alian\u00e7a Jur\u00eddica"},"content":{"rendered":"\t\t<div data-elementor-type=\"wp-page\" data-elementor-id=\"1175\" class=\"elementor elementor-1175\" data-elementor-settings=\"{&quot;ha_cmc_init_switcher&quot;:&quot;no&quot;}\" data-elementor-post-type=\"page\">\n\t\t\t\t<div class=\"elementor-element elementor-element-88c6e1c e-flex e-con-boxed e-con e-parent\" data-id=\"88c6e1c\" data-element_type=\"container\" data-e-type=\"container\" data-settings=\"{&quot;background_background&quot;:&quot;classic&quot;,&quot;shape_divider_bottom&quot;:&quot;opacity-fan&quot;,&quot;_ha_eqh_enable&quot;:false}\">\n\t\t\t\t\t<div class=\"e-con-inner\">\n\t\t\t\t<div class=\"elementor-shape elementor-shape-bottom\" aria-hidden=\"true\" data-negative=\"false\">\n\t\t\t<svg xmlns=\"http:\/\/www.w3.org\/2000\/svg\" viewBox=\"0 0 283.5 19.6\" preserveAspectRatio=\"none\">\n\t<path class=\"elementor-shape-fill\" style=\"opacity:0.33\" d=\"M0 0L0 18.8 141.8 4.1 283.5 18.8 283.5 0z\"\/>\n\t<path class=\"elementor-shape-fill\" style=\"opacity:0.33\" d=\"M0 0L0 12.6 141.8 4 283.5 12.6 283.5 0z\"\/>\n\t<path class=\"elementor-shape-fill\" style=\"opacity:0.33\" d=\"M0 0L0 6.4 141.8 4 283.5 6.4 283.5 0z\"\/>\n\t<path class=\"elementor-shape-fill\" d=\"M0 0L0 1.2 141.8 4 283.5 1.2 283.5 0z\"\/>\n<\/svg>\t\t<\/div>\n\t\t\t\t<div class=\"elementor-element elementor-element-101e063 elementor-invisible elementor-widget elementor-widget-heading\" data-id=\"101e063\" data-element_type=\"widget\" data-e-type=\"widget\" data-settings=\"{&quot;_animation&quot;:&quot;fadeInLeft&quot;}\" data-widget_type=\"heading.default\">\n\t\t\t\t\t<h2 class=\"elementor-heading-title elementor-size-default\">Alian\u00e7a Jur\u00eddica!<\/h2>\t\t\t\t<\/div>\n\t\t\t\t\t<\/div>\n\t\t\t\t<\/div>\n\t\t<div class=\"elementor-element elementor-element-e7d6187 e-flex e-con-boxed e-con e-parent\" data-id=\"e7d6187\" data-element_type=\"container\" data-e-type=\"container\" data-settings=\"{&quot;_ha_eqh_enable&quot;:false}\">\n\t\t\t\t\t<div class=\"e-con-inner\">\n\t\t\t\t<div class=\"elementor-element elementor-element-7ce102c elementor-widget__width-initial elementor-widget-mobile__width-inherit elementor-widget elementor-widget-heading\" data-id=\"7ce102c\" data-element_type=\"widget\" data-e-type=\"widget\" data-widget_type=\"heading.default\">\n\t\t\t\t\t<h2 class=\"elementor-heading-title elementor-size-default\"><b>Alian\u00e7a Jur\u00eddica<\/b> \u00e9 composta por escrit\u00f3rios de advocacia, presente em todas as regi\u00f5es e nas principais capitais do Brasil, defendendo os interesses de empresas em diversos segmentos da economia, como tamb\u00e9m de pessoas f\u00edsicas, nos mais diversos ramos do Direito.<br><br>Encontre na listagem abaixo categorizada por estados o escrit\u00f3rio de advocacia parceiro, mais pr\u00f3ximo a voc\u00ea.<\/h2>\t\t\t\t<\/div>\n\t\t\t\t\t<\/div>\n\t\t\t\t<\/div>\n\t\t<div class=\"elementor-element elementor-element-02c142a e-flex e-con-boxed e-con e-parent\" data-id=\"02c142a\" data-element_type=\"container\" data-e-type=\"container\" data-settings=\"{&quot;_ha_eqh_enable&quot;:false}\">\n\t\t\t\t\t<div class=\"e-con-inner\">\n\t\t\t\t<div class=\"elementor-element elementor-element-3bc83a9 e-n-tabs-mobile elementor-widget elementor-widget-n-tabs\" data-id=\"3bc83a9\" data-element_type=\"widget\" data-e-type=\"widget\" data-settings=\"{&quot;tabs_justify_horizontal&quot;:&quot;stretch&quot;,&quot;horizontal_scroll&quot;:&quot;disable&quot;}\" data-widget_type=\"nested-tabs.default\">\n\t\t\t\t\t\t\t<div class=\"e-n-tabs\" data-widget-number=\"62686121\" aria-label=\"Abas. Abra itens com &quot;Enter&quot; ou &quot;Espa\u00e7o&quot;, feche com &quot;Escape&quot; e navegue usando as teclas de &quot;Seta&quot;.\">\n\t\t\t<div class=\"e-n-tabs-heading\" role=\"tablist\">\n\t\t\t\t\t<button id=\"e-n-tab-title-626861211\" data-tab-title-id=\"e-n-tab-title-626861211\" class=\"e-n-tab-title\" aria-selected=\"true\" data-tab-index=\"1\" role=\"tab\" tabindex=\"0\" aria-controls=\"e-n-tab-content-626861211\" style=\"--n-tabs-title-order: 1;\">\n\t\t\t\t\t\t<span class=\"e-n-tab-title-text\">\n\t\t\t\tNorte\t\t\t<\/span>\n\t\t<\/button>\n\t\t\t\t<button id=\"e-n-tab-title-626861212\" data-tab-title-id=\"e-n-tab-title-626861212\" class=\"e-n-tab-title\" aria-selected=\"false\" data-tab-index=\"2\" role=\"tab\" tabindex=\"-1\" aria-controls=\"e-n-tab-content-626861212\" style=\"--n-tabs-title-order: 2;\">\n\t\t\t\t\t\t<span class=\"e-n-tab-title-text\">\n\t\t\t\tNordeste\t\t\t<\/span>\n\t\t<\/button>\n\t\t\t\t<button id=\"e-n-tab-title-626861213\" data-tab-title-id=\"e-n-tab-title-626861213\" class=\"e-n-tab-title\" aria-selected=\"false\" data-tab-index=\"3\" role=\"tab\" tabindex=\"-1\" aria-controls=\"e-n-tab-content-626861213\" style=\"--n-tabs-title-order: 3;\">\n\t\t\t\t\t\t<span class=\"e-n-tab-title-text\">\n\t\t\t\tCentro-Oeste\t\t\t<\/span>\n\t\t<\/button>\n\t\t\t\t<button id=\"e-n-tab-title-626861214\" data-tab-title-id=\"e-n-tab-title-626861214\" class=\"e-n-tab-title\" aria-selected=\"false\" data-tab-index=\"4\" role=\"tab\" tabindex=\"-1\" aria-controls=\"e-n-tab-content-626861214\" style=\"--n-tabs-title-order: 4;\">\n\t\t\t\t\t\t<span class=\"e-n-tab-title-text\">\n\t\t\t\tSudeste\t\t\t<\/span>\n\t\t<\/button>\n\t\t\t\t<button id=\"e-n-tab-title-626861215\" data-tab-title-id=\"e-n-tab-title-626861215\" class=\"e-n-tab-title\" aria-selected=\"false\" data-tab-index=\"5\" role=\"tab\" tabindex=\"-1\" aria-controls=\"e-n-tab-content-626861215\" style=\"--n-tabs-title-order: 5;\">\n\t\t\t\t\t\t<span class=\"e-n-tab-title-text\">\n\t\t\t\tSul\t\t\t<\/span>\n\t\t<\/button>\n\t\t\t\t\t<\/div>\n\t\t\t<div class=\"e-n-tabs-content\">\n\t\t\t\t<div id=\"e-n-tab-content-626861211\" role=\"tabpanel\" aria-labelledby=\"e-n-tab-title-626861211\" data-tab-index=\"1\" style=\"--n-tabs-title-order: 1;\" class=\"e-active elementor-element elementor-element-cc7160f e-con-full e-flex e-con e-child\" data-id=\"cc7160f\" data-element_type=\"container\" data-e-type=\"container\" data-settings=\"{&quot;background_background&quot;:&quot;classic&quot;,&quot;_ha_eqh_enable&quot;:false}\">\n\t\t<div class=\"elementor-element elementor-element-f9a2fa8 e-con-full e-flex e-con e-child\" data-id=\"f9a2fa8\" data-element_type=\"container\" data-e-type=\"container\" data-settings=\"{&quot;_ha_eqh_enable&quot;:false}\">\n\t\t<div class=\"elementor-element elementor-element-e9854a6 e-flex e-con-boxed e-con e-child\" data-id=\"e9854a6\" data-element_type=\"container\" data-e-type=\"container\" data-settings=\"{&quot;background_background&quot;:&quot;classic&quot;,&quot;_ha_eqh_enable&quot;:false}\">\n\t\t\t\t\t<div class=\"e-con-inner\">\n\t\t\t\t<div class=\"elementor-element elementor-element-1cf0693 elementor-widget elementor-widget-text-editor\" data-id=\"1cf0693\" data-element_type=\"widget\" data-e-type=\"widget\" data-widget_type=\"text-editor.default\">\n\t\t\t\t\t\t\t\t\t<p><strong>RM:<\/strong> 8\u00aa RM<br \/><strong>Guarni\u00e7\u00e3o:<\/strong> Bel\u00e9m<br \/><strong>UF:<\/strong> PA<br \/><strong>Escrit\u00f3rio Conveniado:<\/strong> Raissa Nayara Furtado Gomes da Silva<br \/><strong>OAB:<\/strong> 23.146<br \/><strong>Endere\u00e7o:<\/strong> Avenida Visconde de Souza Franco, n\u00ba 1.323<br \/><strong>CEP: <\/strong>66055-005<br \/><strong>Contato:<\/strong> <a href=\"tel:5591981971822\">(91) 98197-1822<\/a><br \/><strong>E-mail: <\/strong><a href=\"mailto:raissagomes.adv@gmail.com\">raissagomes.adv@gmail.com<\/a><\/p>\t\t\t\t\t\t\t\t<\/div>\n\t\t\t\t\t<\/div>\n\t\t\t\t<\/div>\n\t\t<div class=\"elementor-element elementor-element-b14b300 e-flex e-con-boxed e-con e-child\" data-id=\"b14b300\" data-element_type=\"container\" data-e-type=\"container\" data-settings=\"{&quot;background_background&quot;:&quot;classic&quot;,&quot;_ha_eqh_enable&quot;:false}\">\n\t\t\t\t\t<div class=\"e-con-inner\">\n\t\t\t\t<div class=\"elementor-element elementor-element-681fbb7 elementor-widget elementor-widget-text-editor\" data-id=\"681fbb7\" data-element_type=\"widget\" data-e-type=\"widget\" data-widget_type=\"text-editor.default\">\n\t\t\t\t\t\t\t\t\t<p><strong>RM:<\/strong> 8\u00aa RM<br \/><strong>Guarni\u00e7\u00e3o:<\/strong> Macapa<br \/><strong>UF:<\/strong> AP<br \/><strong>Escrit\u00f3rio Conveniado:<\/strong> Aline Vanessa Uchoa Viana <br \/><strong>OAB:<\/strong> 20.421<br \/><strong>Endere\u00e7o:<\/strong> Rua Rio Grande do Sul, 569 &#8211; Santa Rita<br \/><strong>CEP: <\/strong>68906-000<br \/><strong>Contato:<\/strong> <a href=\"tel:5596991212634\">(96)99121-2634<\/a><br \/><strong>E-mail: <\/strong><a href=\"mailto:a.vanessa.viana@outlook.com\">a.vanessa.viana@outlook.com<\/a><\/p>\t\t\t\t\t\t\t\t<\/div>\n\t\t\t\t\t<\/div>\n\t\t\t\t<\/div>\n\t\t<div class=\"elementor-element elementor-element-703a957 e-flex e-con-boxed e-con e-child\" data-id=\"703a957\" data-element_type=\"container\" data-e-type=\"container\" data-settings=\"{&quot;background_background&quot;:&quot;classic&quot;,&quot;_ha_eqh_enable&quot;:false}\">\n\t\t\t\t\t<div class=\"e-con-inner\">\n\t\t\t\t<div class=\"elementor-element elementor-element-f21c653 elementor-widget elementor-widget-text-editor\" data-id=\"f21c653\" data-element_type=\"widget\" data-e-type=\"widget\" data-widget_type=\"text-editor.default\">\n\t\t\t\t\t\t\t\t\t<p><strong>RM:<\/strong> 12\u00aa RM<br \/><strong>Guarni\u00e7\u00e3o:<\/strong> Porto Velho<br \/><strong>UF:<\/strong> RO<br \/><strong>Escrit\u00f3rio Conveniado:<\/strong> L\u00edvia Maria Saraiva Lima<br \/><strong>OAB:<\/strong> 11.817<br \/><strong>Endere\u00e7o:<\/strong> Travessa V\u00eanus 4.956 &#8211; Agenor de Carvalho &#8211; Porto Velho\/RO<br \/><strong>CEP: <\/strong>76820-298<br \/><strong>Contato:<\/strong> <a href=\"tel:5569992242780\">(69) 99224-2780<\/a><br \/><strong>E-mail: <\/strong><a href=\"mailto:liviamariaslima.adv@gmail.com\">liviamariaslima.adv@gmail.com<\/a><\/p>\t\t\t\t\t\t\t\t<\/div>\n\t\t\t\t\t<\/div>\n\t\t\t\t<\/div>\n\t\t<div class=\"elementor-element elementor-element-60d7a27 e-flex e-con-boxed e-con e-child\" data-id=\"60d7a27\" data-element_type=\"container\" data-e-type=\"container\" data-settings=\"{&quot;background_background&quot;:&quot;classic&quot;,&quot;_ha_eqh_enable&quot;:false}\">\n\t\t\t\t\t<div class=\"e-con-inner\">\n\t\t\t\t<div class=\"elementor-element elementor-element-01522a7 elementor-widget elementor-widget-text-editor\" data-id=\"01522a7\" data-element_type=\"widget\" data-e-type=\"widget\" data-widget_type=\"text-editor.default\">\n\t\t\t\t\t\t\t\t\t<p><strong>RM:<\/strong> 12\u00aa RM<br \/><strong>Guarni\u00e7\u00e3o:<\/strong> Rio Branco<br \/><strong>UF:<\/strong> AC<br \/><strong>Escrit\u00f3rio Conveniado:<\/strong> Laura Cristina Lopes de Sousa<br \/><strong>OAB:<\/strong> 3.279<br \/><strong>Endere\u00e7o:<\/strong> Av. Antonio da Rocha Viana, 1707, 2\u00b0 andar &#8211; Rio Branco\/AC<br \/><strong>CEP: <\/strong>\u00a069918-480<br \/><strong>Contato:<\/strong> <a href=\"tel:556821028002\">(68) 2102-8002<\/a> \/ <a href=\"tel:5568992326268\">(68) 99232-6268<\/a><br \/><strong>E-mail: <\/strong><a href=\"mailto:laura@sbbladvogados.com.br\">laura@sbbladvogados.com.br<\/a> \/ <a href=\"mailto:laura.juliao@hotmail.com\">laura.juliao@hotmail.com<\/a><\/p>\t\t\t\t\t\t\t\t<\/div>\n\t\t\t\t\t<\/div>\n\t\t\t\t<\/div>\n\t\t<div class=\"elementor-element elementor-element-5307cac e-con-full e-flex e-con e-child\" data-id=\"5307cac\" data-element_type=\"container\" data-e-type=\"container\" data-settings=\"{&quot;background_background&quot;:&quot;classic&quot;,&quot;_ha_eqh_enable&quot;:false}\">\n\t\t\t\t<div class=\"elementor-element elementor-element-adc5ab0 elementor-widget elementor-widget-text-editor\" data-id=\"adc5ab0\" data-element_type=\"widget\" data-e-type=\"widget\" data-widget_type=\"text-editor.default\">\n\t\t\t\t\t\t\t\t\t<p><strong>RM:<\/strong> 8\u00aa RM<br \/><strong>Guarni\u00e7\u00e3o:<\/strong> Bel\u00e9m<br \/><strong>UF:<\/strong> PA<br \/><strong>Escrit\u00f3rio Conveniado:<\/strong> Mendon\u00e7a Advogados Associados <br \/><strong>OAB:<\/strong> 7.257-B <br \/><strong>Endere\u00e7o: <\/strong>Travessa Benjamim Constant, 509 &#8211; Reduto &#8211; Bel\u00e9m &#8211; PA<br \/><strong>CEP:<\/strong>66053-040<br \/><strong>Contato: <\/strong><a href=\"tel:559132126788\">91 3212-6788<\/a><br \/><strong>E-mail: <\/strong><a href=\"mailto:eduardo@madvogados.adv.br\">eduardo@madvogados.adv.br<\/a><\/p>\t\t\t\t\t\t\t\t<\/div>\n\t\t\t\t<\/div>\n\t\t\t\t<\/div>\n\t\t<div class=\"elementor-element elementor-element-445a47d e-con-full e-flex e-con e-child\" data-id=\"445a47d\" data-element_type=\"container\" data-e-type=\"container\" data-settings=\"{&quot;_ha_eqh_enable&quot;:false}\">\n\t\t<div class=\"elementor-element elementor-element-b3e4b99 e-flex e-con-boxed e-con e-child\" data-id=\"b3e4b99\" data-element_type=\"container\" data-e-type=\"container\" data-settings=\"{&quot;background_background&quot;:&quot;classic&quot;,&quot;_ha_eqh_enable&quot;:false}\">\n\t\t\t\t\t<div class=\"e-con-inner\">\n\t\t\t\t<div class=\"elementor-element elementor-element-81eb151 elementor-widget elementor-widget-text-editor\" data-id=\"81eb151\" data-element_type=\"widget\" data-e-type=\"widget\" data-widget_type=\"text-editor.default\">\n\t\t\t\t\t\t\t\t\t<p><strong>RM:<\/strong> 8\u00aa RM<br \/><strong>Guarni\u00e7\u00e3o:<\/strong> Marab\u00e1<br \/><strong>UF:<\/strong> PA<br \/><strong>Escrit\u00f3rio Conveniado:<\/strong> Regiana Carvalho<br \/><strong>OAB:<\/strong> 25.533 B<br \/><strong>Endere\u00e7o:<\/strong> Av. Espirito Santo, 180, sala 4 e 5 &#8211; Amap\u00e1 Office Marab\u00e1\/PA<br \/><strong>CEP: <\/strong>68502-030<br \/><strong>Contato:<\/strong> <a href=\"tel:5594991096060\">(94)99109-6060<\/a><br \/><strong>E-mail: <\/strong><a href=\"mailto:juridico@carvalhosilva.com\">juridico@carvalhosilva.com.br<\/a><\/p>\t\t\t\t\t\t\t\t<\/div>\n\t\t\t\t\t<\/div>\n\t\t\t\t<\/div>\n\t\t<div class=\"elementor-element elementor-element-1935ea5 e-flex e-con-boxed e-con e-child\" data-id=\"1935ea5\" data-element_type=\"container\" data-e-type=\"container\" data-settings=\"{&quot;background_background&quot;:&quot;classic&quot;,&quot;_ha_eqh_enable&quot;:false}\">\n\t\t\t\t\t<div class=\"e-con-inner\">\n\t\t\t\t<div class=\"elementor-element elementor-element-137783b elementor-widget elementor-widget-text-editor\" data-id=\"137783b\" data-element_type=\"widget\" data-e-type=\"widget\" data-widget_type=\"text-editor.default\">\n\t\t\t\t\t\t\t\t\t<p><strong>RM:<\/strong> 12\u00aa RM<br \/><strong>Guarni\u00e7\u00e3o:<\/strong> Manaus<br \/><strong>UF:<\/strong> AM<br \/><strong>Escrit\u00f3rio Conveniado:<\/strong> Coimbra Garcia Advogados Associados<br \/><strong>OAB:<\/strong> 4.563<br \/><strong>Endere\u00e7o:<\/strong> Rua Dona Sulamita, n\u00ba 42 &#8211; Vila Amazonas\/Adrian\u00f3polis<br \/><strong>CEP: <\/strong>69057-230<br \/><strong>Contato:<\/strong> <a href=\"tel:559232362939\">(92) 3236-2939<\/a> \/ <a href=\"tel:5592981346888\">(92) 98134-6888<\/a><br \/><strong>E-mail: <\/strong><a href=\"mailto:charlesgarcia@coimbragarcia.adv.br\">charlesgarcia@coimbragarcia.adv.br<\/a><\/p>\t\t\t\t\t\t\t\t<\/div>\n\t\t\t\t\t<\/div>\n\t\t\t\t<\/div>\n\t\t<div class=\"elementor-element elementor-element-ec4f4a9 e-flex e-con-boxed e-con e-child\" data-id=\"ec4f4a9\" data-element_type=\"container\" data-e-type=\"container\" data-settings=\"{&quot;background_background&quot;:&quot;classic&quot;,&quot;_ha_eqh_enable&quot;:false}\">\n\t\t\t\t\t<div class=\"e-con-inner\">\n\t\t\t\t<div class=\"elementor-element elementor-element-ef406b9 elementor-widget elementor-widget-text-editor\" data-id=\"ef406b9\" data-element_type=\"widget\" data-e-type=\"widget\" data-widget_type=\"text-editor.default\">\n\t\t\t\t\t\t\t\t\t<p><strong>RM:<\/strong> 12\u00aa RM<br \/><strong>Guarni\u00e7\u00e3o:<\/strong> Boa Vista<br \/><strong>UF:<\/strong> RR<br \/><strong>Escrit\u00f3rio Conveniado:<\/strong> Ana Raquel Brito<br \/><strong>OAB:<\/strong> 1.397<br \/><strong>Endere\u00e7o:<\/strong> Av. Nossa Sra. da Consolata, 316 &#8211; Boa Vista\/RR<br \/><strong>CEP:\u00a0 <\/strong>69390-306<br \/><strong>Contato:<\/strong> <a href=\"tel:5595984073800\">(95) 98407-3800<\/a><br \/><strong>E-mail: <\/strong><a href=\"mailto:contatoanarbrito@gmail.com\">contatoanarbrito@gmail.com<\/a><\/p>\t\t\t\t\t\t\t\t<\/div>\n\t\t\t\t\t<\/div>\n\t\t\t\t<\/div>\n\t\t<div class=\"elementor-element elementor-element-bcbbc09 e-flex e-con-boxed e-con e-child\" data-id=\"bcbbc09\" data-element_type=\"container\" data-e-type=\"container\" data-settings=\"{&quot;background_background&quot;:&quot;classic&quot;,&quot;_ha_eqh_enable&quot;:false}\">\n\t\t\t\t\t<div class=\"e-con-inner\">\n\t\t\t\t<div class=\"elementor-element elementor-element-a06c649 elementor-widget elementor-widget-text-editor\" data-id=\"a06c649\" data-element_type=\"widget\" data-e-type=\"widget\" data-widget_type=\"text-editor.default\">\n\t\t\t\t\t\t\t\t\t<p><strong>RM:<\/strong> 12\u00aa RM<br \/><strong>Guarni\u00e7\u00e3o:<\/strong> Palmas<br \/><strong>UF:<\/strong> TO<br \/><strong>Escrit\u00f3rio Conveniado:<\/strong> Jacqueline D&#8217;ellen Leite Paiva<br \/><strong>OAB:<\/strong> 5.041<br \/><strong>Endere\u00e7o:<\/strong> Quadra 104, Sul Rua SE 3, Sala 01, n\u00ba 26 &#8211; Plano Diretor Sul &#8211; Palmas\/TO <br \/><strong>CEP: <\/strong><br \/><strong>Contato:<\/strong> <a href=\"tel:556332250268\">(63) 3225-0268<\/a> \/ <a href=\"tel:5563981125944\">(63) 98112-5944<\/a><br \/><strong>E-mail: <\/strong><a href=\"mailto:jacquelinepaiva.adv@gmail.com\">jacquelinepaiva.adv@gmail.com<\/a><\/p>\t\t\t\t\t\t\t\t<\/div>\n\t\t\t\t\t<\/div>\n\t\t\t\t<\/div>\n\t\t<div class=\"elementor-element elementor-element-6d07ef9 e-con-full e-flex e-con e-child\" data-id=\"6d07ef9\" data-element_type=\"container\" data-e-type=\"container\" data-settings=\"{&quot;background_background&quot;:&quot;classic&quot;,&quot;_ha_eqh_enable&quot;:false}\">\n\t\t\t\t<div class=\"elementor-element elementor-element-fe44f36 elementor-widget elementor-widget-text-editor\" data-id=\"fe44f36\" data-element_type=\"widget\" data-e-type=\"widget\" data-widget_type=\"text-editor.default\">\n\t\t\t\t\t\t\t\t\t<p><strong>RM:<\/strong>\u00a0<br \/><strong>Guarni\u00e7\u00e3o:<\/strong>\u00a0<br \/><strong>UF:<\/strong><br \/><strong>Escrit\u00f3rio Conveniado:<\/strong>\u00a0Carlos Vin\u00edcius Lopes Lamas<br \/><strong>OAB:<\/strong>\u00a01.658<br \/><strong>Endere\u00e7o:<\/strong>\u00a0<br \/><strong>CEP: <\/strong><br \/><strong>Contato:<\/strong> <a href=\"tel:5568999843092\">(68) 99984-3092\u00a0<\/a><br \/><strong>E-mail: <\/strong><a href=\"mailto:clamas3001@uol.com.br\">clamas3001@uol.com.br<\/a> \/ <a href=\"mailto:clamas3001@gmail.com\">clamas3001@gmail.com<\/a><\/p>\t\t\t\t\t\t\t\t<\/div>\n\t\t\t\t<\/div>\n\t\t\t\t<\/div>\n\t\t\t\t<\/div>\n\t\t<div id=\"e-n-tab-content-626861212\" role=\"tabpanel\" aria-labelledby=\"e-n-tab-title-626861212\" data-tab-index=\"2\" style=\"--n-tabs-title-order: 2;\" class=\" elementor-element elementor-element-b8a9a73 e-con-full e-flex e-con e-child\" data-id=\"b8a9a73\" data-element_type=\"container\" data-e-type=\"container\" data-settings=\"{&quot;background_background&quot;:&quot;classic&quot;,&quot;_ha_eqh_enable&quot;:false}\">\n\t\t<div class=\"elementor-element elementor-element-eab851a e-con-full e-flex e-con e-child\" data-id=\"eab851a\" data-element_type=\"container\" data-e-type=\"container\" data-settings=\"{&quot;_ha_eqh_enable&quot;:false}\">\n\t\t<div class=\"elementor-element elementor-element-d138508 e-flex e-con-boxed e-con e-child\" data-id=\"d138508\" data-element_type=\"container\" data-e-type=\"container\" data-settings=\"{&quot;background_background&quot;:&quot;classic&quot;,&quot;_ha_eqh_enable&quot;:false}\">\n\t\t\t\t\t<div class=\"e-con-inner\">\n\t\t\t\t<div class=\"elementor-element elementor-element-b4f304a elementor-widget elementor-widget-text-editor\" data-id=\"b4f304a\" data-element_type=\"widget\" data-e-type=\"widget\" data-widget_type=\"text-editor.default\">\n\t\t\t\t\t\t\t\t\t<p><strong>RM:<\/strong> 6\u00aa RM<br \/><strong>Guarni\u00e7\u00e3o:<\/strong> Salvador<br \/><strong>UF:<\/strong> BA<br \/><strong>Escrit\u00f3rio Conveniado:<\/strong> Raul Affonso Nogueira Chaves Filho<br \/><strong>OAB:<\/strong> 7.687<br \/><strong>Endere\u00e7o:<\/strong> Rua do tira Chap\u00e9u, n\u00ba 06, sala 810 &#8211; Centro \/ Salvador &#8211; Bahia<br \/><strong>CEP: <\/strong>40020-060<br \/><strong>Contato:<\/strong> <a href=\"tel:557132229944\">(71) 3222-9944<\/a> \/ <a href=\"tel:5571999916000\">(71) 99991-6000<\/a><br \/><strong>E-mail: <\/strong><a href=\"mailto:raulchavesfilho@uol.com.br\">raulchavesfilho@uol.com.br<\/a><\/p>\t\t\t\t\t\t\t\t<\/div>\n\t\t\t\t\t<\/div>\n\t\t\t\t<\/div>\n\t\t<div class=\"elementor-element elementor-element-b803d7c e-flex e-con-boxed e-con e-child\" data-id=\"b803d7c\" data-element_type=\"container\" data-e-type=\"container\" data-settings=\"{&quot;background_background&quot;:&quot;classic&quot;,&quot;_ha_eqh_enable&quot;:false}\">\n\t\t\t\t\t<div class=\"e-con-inner\">\n\t\t\t\t<div class=\"elementor-element elementor-element-480171e elementor-widget elementor-widget-text-editor\" data-id=\"480171e\" data-element_type=\"widget\" data-e-type=\"widget\" data-widget_type=\"text-editor.default\">\n\t\t\t\t\t\t\t\t\t<p><strong>RM:<\/strong> 6\u00aa RM<br \/><strong>Guarni\u00e7\u00e3o:<\/strong> Natal<br \/><strong>UF:<\/strong> RN<br \/><strong>Escrit\u00f3rio Conveniado:<\/strong> Juliana Nunes Brito<br \/><strong>OAB:<\/strong> 1.147-A<br \/><strong>Endere\u00e7o:<\/strong> Pedro de Souza, n\u00ba 141 &#8211; 407-G &#8211; Natal\/RN<br \/><strong>CEP: <\/strong><br \/><strong>Contato:<\/strong> <a href=\"tel:5584986175417\">(84) 98617-5417<\/a><br \/><strong>E-mail: <\/strong><a href=\"mailto:julianabrito.adv@gmail.com\">julianabrito.adv@gmail.com<\/a><\/p>\t\t\t\t\t\t\t\t<\/div>\n\t\t\t\t\t<\/div>\n\t\t\t\t<\/div>\n\t\t<div class=\"elementor-element elementor-element-8a1daa6 e-flex e-con-boxed e-con e-child\" data-id=\"8a1daa6\" data-element_type=\"container\" data-e-type=\"container\" data-settings=\"{&quot;background_background&quot;:&quot;classic&quot;,&quot;_ha_eqh_enable&quot;:false}\">\n\t\t\t\t\t<div class=\"e-con-inner\">\n\t\t\t\t<div class=\"elementor-element elementor-element-c06f2bf elementor-widget elementor-widget-text-editor\" data-id=\"c06f2bf\" data-element_type=\"widget\" data-e-type=\"widget\" data-widget_type=\"text-editor.default\">\n\t\t\t\t\t\t\t\t\t<p><strong>RM:<\/strong> 6\u00aa RM<br \/><strong>Guarni\u00e7\u00e3o:<\/strong> Aracaj\u00fa<br \/><strong>UF:<\/strong> SE<br \/><strong>Escrit\u00f3rio Conveniado:<\/strong> Valtenio Paes<br \/><strong>OAB:<\/strong> 1.112<br \/><strong>Endere\u00e7o:<\/strong> Pra\u00e7a Joel Nascimento, 175 &#8211; Centro &#8211; Nossa Senhora das Dores\/SE<br \/><strong>CEP: <\/strong>49600-000<br \/><strong>Contato:<\/strong> <a href=\"tel:5579999727739\">(79) 99972-7739<\/a><br \/><strong>E-mail: <\/strong><a href=\"mailto:drvalpo@uol.com.br\">drvalpo@uol.com.br<\/a><\/p>\t\t\t\t\t\t\t\t<\/div>\n\t\t\t\t\t<\/div>\n\t\t\t\t<\/div>\n\t\t<div class=\"elementor-element elementor-element-967d589 e-flex e-con-boxed e-con e-child\" data-id=\"967d589\" data-element_type=\"container\" data-e-type=\"container\" data-settings=\"{&quot;background_background&quot;:&quot;classic&quot;,&quot;_ha_eqh_enable&quot;:false}\">\n\t\t\t\t\t<div class=\"e-con-inner\">\n\t\t\t\t<div class=\"elementor-element elementor-element-4bcfa58 elementor-widget elementor-widget-text-editor\" data-id=\"4bcfa58\" data-element_type=\"widget\" data-e-type=\"widget\" data-widget_type=\"text-editor.default\">\n\t\t\t\t\t\t\t\t\t<p><strong>RM:<\/strong> 7\u00aa RM<br \/><strong>Guarni\u00e7\u00e3o:<\/strong> S\u00e3o Luiz<br \/><strong>UF:<\/strong> MA<br \/><strong>Escrit\u00f3rio Conveniado:<\/strong> Leonardo C\u00e9sar Machado de Jesus<br \/><strong>OAB:<\/strong> 20.421<br \/><strong>Endere\u00e7o:<\/strong> UND 203, R. 12, casa 73 &#8211; Cidade Oper\u00e1ria &#8211; S\u00e3o Lu\u00eds\/MA<br \/><strong>CEP: <\/strong><br \/><strong>Contato:<\/strong> <a href=\"tel:5598988811640\">(98)98881-1640<\/a><br \/><strong>E-mail: <\/strong><a href=\"mailto:leocesaradv@gmail.com\">leocesaradv@gmail.com<\/a><\/p>\t\t\t\t\t\t\t\t<\/div>\n\t\t\t\t\t<\/div>\n\t\t\t\t<\/div>\n\t\t<div class=\"elementor-element elementor-element-33c086a e-flex e-con-boxed e-con e-child\" data-id=\"33c086a\" data-element_type=\"container\" data-e-type=\"container\" data-settings=\"{&quot;background_background&quot;:&quot;classic&quot;,&quot;_ha_eqh_enable&quot;:false}\">\n\t\t\t\t\t<div class=\"e-con-inner\">\n\t\t\t\t<div class=\"elementor-element elementor-element-9513ffa elementor-widget elementor-widget-text-editor\" data-id=\"9513ffa\" data-element_type=\"widget\" data-e-type=\"widget\" data-widget_type=\"text-editor.default\">\n\t\t\t\t\t\t\t\t\t<p><strong>RM:<\/strong> 10\u00aa RM<br \/><strong>Guarni\u00e7\u00e3o:<\/strong> Teresina<br \/><strong>UF:<\/strong> PI<br \/><strong>Escrit\u00f3rio Conveniado:<\/strong> Camilla Fernanda Coelho dos Santos <br \/><strong>OAB:<\/strong> 17.970<br \/><strong>Endere\u00e7o:<\/strong> Rua dezoito, quadra U, 22 &#8211; Teresina\/PI<br \/><strong>CEP: <\/strong>64011-625<br \/><strong>Contato:<\/strong> <a href=\"tel:5586998291924\">(86)99829-1924<\/a><br \/><strong>E-mail: <\/strong><a href=\"mailto:camillafernandac@gmail.com\">camillafernandac@gmail.com<\/a><\/p>\t\t\t\t\t\t\t\t<\/div>\n\t\t\t\t\t<\/div>\n\t\t\t\t<\/div>\n\t\t\t\t<\/div>\n\t\t<div class=\"elementor-element elementor-element-35cd68f e-con-full e-flex e-con e-child\" data-id=\"35cd68f\" data-element_type=\"container\" data-e-type=\"container\" data-settings=\"{&quot;_ha_eqh_enable&quot;:false}\">\n\t\t<div class=\"elementor-element elementor-element-2b7e070 e-flex e-con-boxed e-con e-child\" data-id=\"2b7e070\" data-element_type=\"container\" data-e-type=\"container\" data-settings=\"{&quot;background_background&quot;:&quot;classic&quot;,&quot;_ha_eqh_enable&quot;:false}\">\n\t\t\t\t\t<div class=\"e-con-inner\">\n\t\t\t\t<div class=\"elementor-element elementor-element-dec747c elementor-widget elementor-widget-text-editor\" data-id=\"dec747c\" data-element_type=\"widget\" data-e-type=\"widget\" data-widget_type=\"text-editor.default\">\n\t\t\t\t\t\t\t\t\t<p><strong>RM:<\/strong> 6\u00aa RM<br \/><strong>Guarni\u00e7\u00e3o:<\/strong> Jo\u00e3o Pessoa<br \/><strong>UF:<\/strong> PB<br \/><strong>Escrit\u00f3rio Conveniado:<\/strong> Adriana Rodrigues da Silva<br \/><strong>OAB:<\/strong> 21.395<br \/><strong>Endere\u00e7o:<\/strong> Rua Miguel Couto, n\u00ba 251, Sala 208 &#8211; Centro &#8211; Jo\u00e3o Pessoa\/PB<br \/><strong>CEP: <\/strong><br \/><strong>Contato:<\/strong> <a href=\"tel:5583999823711\">(83) 99982-3711<\/a><br \/><strong>E-mail: <\/strong><a href=\"mailto:adriana.rs@gmail.com\">adriana.rs@gmail.com<\/a><\/p>\t\t\t\t\t\t\t\t<\/div>\n\t\t\t\t\t<\/div>\n\t\t\t\t<\/div>\n\t\t<div class=\"elementor-element elementor-element-7d781ef e-flex e-con-boxed e-con e-child\" data-id=\"7d781ef\" data-element_type=\"container\" data-e-type=\"container\" data-settings=\"{&quot;background_background&quot;:&quot;classic&quot;,&quot;_ha_eqh_enable&quot;:false}\">\n\t\t\t\t\t<div class=\"e-con-inner\">\n\t\t\t\t<div class=\"elementor-element elementor-element-ba6bf24 elementor-widget elementor-widget-text-editor\" data-id=\"ba6bf24\" data-element_type=\"widget\" data-e-type=\"widget\" data-widget_type=\"text-editor.default\">\n\t\t\t\t\t\t\t\t\t<p><strong>RM:<\/strong> 6\u00aa RM<br \/><strong>Guarni\u00e7\u00e3o:<\/strong> Macei\u00f3<br \/><strong>UF:<\/strong> AL<br \/><strong>Escrit\u00f3rio Conveniado:<\/strong> Teresa Cristina Cordeiro<br \/><strong>OAB:<\/strong> 4.982<br \/><strong>Endere\u00e7o:<\/strong> Avenida da Paz, n\u00ba 1.388, sala 4.011 &#8211; Centro &#8211; Macei\u00f3\/AL<br \/><strong>CEP: <\/strong><br \/><strong>Contato:<\/strong> <a href=\"tel:5582999734660\">(82) 99973-4660<\/a><br \/><strong>E-mail: <\/strong><a href=\"mailto:tcc.adv@hotmail.com\">tcc.adv@hotmail.com<\/a><\/p>\t\t\t\t\t\t\t\t<\/div>\n\t\t\t\t\t<\/div>\n\t\t\t\t<\/div>\n\t\t<div class=\"elementor-element elementor-element-2ce08cf e-flex e-con-boxed e-con e-child\" data-id=\"2ce08cf\" data-element_type=\"container\" data-e-type=\"container\" data-settings=\"{&quot;background_background&quot;:&quot;classic&quot;,&quot;_ha_eqh_enable&quot;:false}\">\n\t\t\t\t\t<div class=\"e-con-inner\">\n\t\t\t\t<div class=\"elementor-element elementor-element-e4c33e8 elementor-widget elementor-widget-text-editor\" data-id=\"e4c33e8\" data-element_type=\"widget\" data-e-type=\"widget\" data-widget_type=\"text-editor.default\">\n\t\t\t\t\t\t\t\t\t<p><strong>RM:<\/strong> 7\u00aa RM<br \/><strong>Guarni\u00e7\u00e3o:<\/strong> Recife<br \/><strong>UF:<\/strong> PE<br \/><strong>Escrit\u00f3rio Conveniado:<\/strong> Priscila Negromonte Alcoforado<br \/><strong>OAB:<\/strong> 48.928<br \/><strong>Endere\u00e7o:<\/strong> Rua Conselheiro Parla, n\u00ba 102, sala 1,402<br \/><strong>CEP: <\/strong><br \/><strong>Contato:<\/strong> <a href=\"tel:5581998443932\">(81) 99844-3932<\/a><br \/><strong>E-mail: <\/strong><a href=\"mailto:priscila.alcoforado@hotmail.com\">priscila.alcoforado@hotmail.com<\/a><\/p>\t\t\t\t\t\t\t\t<\/div>\n\t\t\t\t\t<\/div>\n\t\t\t\t<\/div>\n\t\t<div class=\"elementor-element elementor-element-a5cbbaa e-flex e-con-boxed e-con e-child\" data-id=\"a5cbbaa\" data-element_type=\"container\" data-e-type=\"container\" data-settings=\"{&quot;background_background&quot;:&quot;classic&quot;,&quot;_ha_eqh_enable&quot;:false}\">\n\t\t\t\t\t<div class=\"e-con-inner\">\n\t\t\t\t<div class=\"elementor-element elementor-element-5259aff elementor-widget elementor-widget-text-editor\" data-id=\"5259aff\" data-element_type=\"widget\" data-e-type=\"widget\" data-widget_type=\"text-editor.default\">\n\t\t\t\t\t\t\t\t\t<p><strong>RM:<\/strong> 10\u00aa RM<br \/><strong>Guarni\u00e7\u00e3o:<\/strong> Fortaleza<br \/><strong>UF:<\/strong> CE<br \/><strong>Escrit\u00f3rio Conveniado:<\/strong> Samara Monteiro do Nascimento<br \/><strong>OAB:<\/strong> 32.609<br \/><strong>Endere\u00e7o:<\/strong> Avenida Ministro Jos\u00e9 Am\u00e9rico, n\u00ba 150, apto. 2.015 &#8211; Fortaleza\/ CE<br \/><strong>CEP: <\/strong><br \/><strong>Contato:<\/strong> <a href=\"tel:5585987970350\">(85) 98797-0350<\/a><br \/><strong>E-mail: <\/strong><a href=\"mailto:samaramonteiroadv@outlook.com\">samaramonteiroadv@outlook.com<\/a><\/p>\t\t\t\t\t\t\t\t<\/div>\n\t\t\t\t\t<\/div>\n\t\t\t\t<\/div>\n\t\t<div class=\"elementor-element elementor-element-6d826fd e-con-full e-flex e-con e-child\" data-id=\"6d826fd\" data-element_type=\"container\" data-e-type=\"container\" data-settings=\"{&quot;background_background&quot;:&quot;classic&quot;,&quot;_ha_eqh_enable&quot;:false}\">\n\t\t\t\t<div class=\"elementor-element elementor-element-9885d87 elementor-widget elementor-widget-text-editor\" data-id=\"9885d87\" data-element_type=\"widget\" data-e-type=\"widget\" data-widget_type=\"text-editor.default\">\n\t\t\t\t\t\t\t\t\t<p><strong>RM:<\/strong> 6\u00aa RM<br \/><strong>Guarni\u00e7\u00e3o:<\/strong> Natal<br \/><strong>UF:<\/strong> RN<br \/><strong>Escrit\u00f3rio Conveniado:<\/strong> L\u00facia Jales &#8211; Consultoria e Advocacia<br \/><strong>OAB:<\/strong> 2.734<br \/><strong>Endere\u00e7o:<\/strong> Rua Lafayete Lamartine, 1920 \u2013 Candel\u00e1ria<br \/><strong>CEP: <\/strong>59064-510<br \/><strong>Contato:\u00a0<\/strong><a href=\"tel:558432215400\">(84) 3221-5400<\/a><br \/><strong>E-mail: <\/strong><a href=\"mailto:marialuciajales@yahoo.com.br\">marialuciajales@yahoo.com.br<\/a><\/p>\t\t\t\t\t\t\t\t<\/div>\n\t\t\t\t<\/div>\n\t\t\t\t<\/div>\n\t\t\t\t<\/div>\n\t\t<div id=\"e-n-tab-content-626861213\" role=\"tabpanel\" aria-labelledby=\"e-n-tab-title-626861213\" data-tab-index=\"3\" style=\"--n-tabs-title-order: 3;\" class=\" elementor-element elementor-element-66e1515 e-con-full e-flex e-con e-child\" data-id=\"66e1515\" data-element_type=\"container\" data-e-type=\"container\" data-settings=\"{&quot;background_background&quot;:&quot;classic&quot;,&quot;_ha_eqh_enable&quot;:false}\">\n\t\t<div class=\"elementor-element elementor-element-f861965 e-con-full e-flex e-con e-child\" data-id=\"f861965\" data-element_type=\"container\" data-e-type=\"container\" data-settings=\"{&quot;_ha_eqh_enable&quot;:false}\">\n\t\t<div class=\"elementor-element elementor-element-ad281ec e-flex e-con-boxed e-con e-child\" data-id=\"ad281ec\" data-element_type=\"container\" data-e-type=\"container\" data-settings=\"{&quot;background_background&quot;:&quot;classic&quot;,&quot;_ha_eqh_enable&quot;:false}\">\n\t\t\t\t\t<div class=\"e-con-inner\">\n\t\t\t\t<div class=\"elementor-element elementor-element-6c18017 elementor-widget elementor-widget-text-editor\" data-id=\"6c18017\" data-element_type=\"widget\" data-e-type=\"widget\" data-widget_type=\"text-editor.default\">\n\t\t\t\t\t\t\t\t\t<p><strong>RM:<\/strong> 9\u00aa RM<br \/><strong>Guarni\u00e7\u00e3o:<\/strong> Campo Grande<br \/><strong>UF:<\/strong> MS<br \/><strong>Escrit\u00f3rio Conveniado:<\/strong> Jo\u00e3o Augusto Barbosa Vieira<br \/><strong>OAB:<\/strong> 16.805<br \/><strong>Endere\u00e7o:<\/strong> Rua Campos El\u00edseos n\u00ba 725 &#8211; Campo Grande\/MS<br \/><strong>CEP: <\/strong>79051-120<br \/><strong>Contato:<\/strong> <a href=\"tel:556732226885\">(67) 3222-6885<\/a> \/ <a href=\"tel:5567996046885\">(67) 99604-6885<\/a><br \/><strong>E-mail: <\/strong><a href=\"mailto:contato@barbosavieira.adv.br\">contato@barbosavieira.adv.br<\/a><\/p>\t\t\t\t\t\t\t\t<\/div>\n\t\t\t\t\t<\/div>\n\t\t\t\t<\/div>\n\t\t<div class=\"elementor-element elementor-element-c9e120b e-flex e-con-boxed e-con e-child\" data-id=\"c9e120b\" data-element_type=\"container\" data-e-type=\"container\" data-settings=\"{&quot;background_background&quot;:&quot;classic&quot;,&quot;_ha_eqh_enable&quot;:false}\">\n\t\t\t\t\t<div class=\"e-con-inner\">\n\t\t\t\t<div class=\"elementor-element elementor-element-bc471f5 elementor-widget elementor-widget-text-editor\" data-id=\"bc471f5\" data-element_type=\"widget\" data-e-type=\"widget\" data-widget_type=\"text-editor.default\">\n\t\t\t\t\t\t\t\t\t<p><strong>RM:<\/strong> 9\u00aa RM<br \/><strong>Guarni\u00e7\u00e3o:<\/strong> Dourados<br \/><strong>UF:<\/strong> MS<br \/><strong>Escrit\u00f3rio Conveniado:<\/strong> Giovanna dos Anjos Maioque<br \/><strong>OAB:<\/strong> 20.191<br \/><strong>Endere\u00e7o:<\/strong> Rua Ant\u00f4nio Em\u00edlio de Figueiredo, 1712 &#8211; Centro &#8211; Dourados\/MS<br \/><strong>CEP: <\/strong>79802-020<br \/><strong>Contato:<\/strong> <a href=\"tel:5567996128918\">(67) 99612-8918<\/a><br \/><strong>E-mail: <\/strong><a href=\"mailto:gi_maioque@hotmail.com\">gi_maioque@hotmail.com<\/a><\/p>\t\t\t\t\t\t\t\t<\/div>\n\t\t\t\t\t<\/div>\n\t\t\t\t<\/div>\n\t\t<div class=\"elementor-element elementor-element-d1f2869 e-flex e-con-boxed e-con e-child\" data-id=\"d1f2869\" data-element_type=\"container\" data-e-type=\"container\" data-settings=\"{&quot;background_background&quot;:&quot;classic&quot;,&quot;_ha_eqh_enable&quot;:false}\">\n\t\t\t\t\t<div class=\"e-con-inner\">\n\t\t\t\t<div class=\"elementor-element elementor-element-f7dc764 elementor-widget elementor-widget-text-editor\" data-id=\"f7dc764\" data-element_type=\"widget\" data-e-type=\"widget\" data-widget_type=\"text-editor.default\">\n\t\t\t\t\t\t\t\t\t<p><strong>RM:<\/strong> 11\u00aa RM<br \/><strong>Guarni\u00e7\u00e3o:<\/strong> Goi\u00e2nia<br \/><strong>UF:<\/strong> GO<br \/><strong>Escrit\u00f3rio Conveniado:<\/strong> Milena Martins Ferreira Bueno<br \/><strong>OAB:<\/strong> 28.635<br \/><strong>Endere\u00e7o:<\/strong> Avenida T &#8211; 04, n\u00ba 800, Ed. Genova, apto. 1.203 &#8211; Goi\u00e2nia\/GO <br \/><strong>CEP: <\/strong><br \/><strong>Contato:<\/strong> <a href=\"tel:5562981002442\">(62) 98100-2442<\/a><br \/><strong>E-mail: <\/strong><a href=\"mailto:milenaferreirabueno@hotmail.com\">milenaferreirabueno@hotmail.com<\/a><\/p>\t\t\t\t\t\t\t\t<\/div>\n\t\t\t\t\t<\/div>\n\t\t\t\t<\/div>\n\t\t<div class=\"elementor-element elementor-element-f7a0d78 e-con-full e-flex e-con e-child\" data-id=\"f7a0d78\" data-element_type=\"container\" data-e-type=\"container\" data-settings=\"{&quot;background_background&quot;:&quot;classic&quot;,&quot;_ha_eqh_enable&quot;:false}\">\n\t\t\t\t<div class=\"elementor-element elementor-element-d374fb1 elementor-widget elementor-widget-text-editor\" data-id=\"d374fb1\" data-element_type=\"widget\" data-e-type=\"widget\" data-widget_type=\"text-editor.default\">\n\t\t\t\t\t\t\t\t\t<p><strong>RM:<\/strong> 11\u00aa RM<br \/><strong>Guarni\u00e7\u00e3o:<\/strong> Bras\u00edlia<br \/><strong>UF:<\/strong> DF<br \/><strong>Escrit\u00f3rio Conveniado:<\/strong> Muglia Advogados Associados<br \/><strong>OAB:<\/strong> 20.412<br \/><strong>Endere\u00e7o: <\/strong>SRTV Sul, Quadra 701, Lote 04, Bloco \u201cO\u201d, ed. Multiempresarial, Sala 713, 714 e 715 &#8211; Bras\u00edlia, Distrito Federal<br \/><strong>CEP:<\/strong>70.670-307<br \/><strong>Contato: <\/strong><a href=\"tel:556133229511\">61 3322-9511<\/a> \/ <a href=\"tel:5561999659511\">61 99965-9511<\/a><br \/><strong>E-mail: <\/strong><a href=\"mailto:muglia@muglia.com.br\">muglia@muglia.com.br<\/a><br \/><strong>Site: <\/strong><a href=\"http:\/\/www.muglia.com.br\">www.muglia.com.br<\/a><\/p>\t\t\t\t\t\t\t\t<\/div>\n\t\t\t\t<\/div>\n\t\t\t\t<\/div>\n\t\t<div class=\"elementor-element elementor-element-1e3da40 e-con-full e-flex e-con e-child\" data-id=\"1e3da40\" data-element_type=\"container\" data-e-type=\"container\" data-settings=\"{&quot;_ha_eqh_enable&quot;:false}\">\n\t\t<div class=\"elementor-element elementor-element-c35e97f e-flex e-con-boxed e-con e-child\" data-id=\"c35e97f\" data-element_type=\"container\" data-e-type=\"container\" data-settings=\"{&quot;background_background&quot;:&quot;classic&quot;,&quot;_ha_eqh_enable&quot;:false}\">\n\t\t\t\t\t<div class=\"e-con-inner\">\n\t\t\t\t<div class=\"elementor-element elementor-element-0060516 elementor-widget elementor-widget-text-editor\" data-id=\"0060516\" data-element_type=\"widget\" data-e-type=\"widget\" data-widget_type=\"text-editor.default\">\n\t\t\t\t\t\t\t\t\t<p><strong>RM:<\/strong> 9\u00aa RM<br \/><strong>Guarni\u00e7\u00e3o:<\/strong> Cuiab\u00e1<br \/><strong>UF:<\/strong> MT<br \/><strong>Escrit\u00f3rio Conveniado:<\/strong> Antonio Goulart Guimar\u00e3es Neto<br \/><strong>OAB:<\/strong> 20.149\/O<br \/><strong>Endere\u00e7o:<\/strong> Rua Raz\u00e3o e Lealdade, n\u00ba 13, apto. 103 &#8211; Cuiab\u00e1\/MT<br \/><strong>CEP: <\/strong><br \/><strong>Contato:<\/strong> <a href=\"tel:5565999515345\">(65) 99951-5345<\/a><br \/><strong>E-mail: <\/strong><a href=\"mailto:antoniogoulartguimaraes@gmail.com\">antoniogoulartguimaraes@gmail.com<\/a><\/p>\t\t\t\t\t\t\t\t<\/div>\n\t\t\t\t\t<\/div>\n\t\t\t\t<\/div>\n\t\t<div class=\"elementor-element elementor-element-91a2df6 e-flex e-con-boxed e-con e-child\" data-id=\"91a2df6\" data-element_type=\"container\" data-e-type=\"container\" data-settings=\"{&quot;background_background&quot;:&quot;classic&quot;,&quot;_ha_eqh_enable&quot;:false}\">\n\t\t\t\t\t<div class=\"e-con-inner\">\n\t\t\t\t<div class=\"elementor-element elementor-element-9b7deee elementor-widget elementor-widget-text-editor\" data-id=\"9b7deee\" data-element_type=\"widget\" data-e-type=\"widget\" data-widget_type=\"text-editor.default\">\n\t\t\t\t\t\t\t\t\t<p><strong>RM:<\/strong> 11\u00aa RM<br \/><strong>Guarni\u00e7\u00e3o:<\/strong> Bras\u00edlia<br \/><strong>UF:<\/strong> DF<br \/><strong>Escrit\u00f3rio Conveniado:<\/strong> Lanes Cid Romano <br \/><strong>OAB:<\/strong> 5.162<br \/><strong>Endere\u00e7o:<\/strong> SHS QD 06, CONJ A, BL C, LJ 16\/20 &#8211; Asa Sul &#8211; Bras\u00edlia\/DF <br \/><strong>CEP: <\/strong><br \/><strong>Contato:<\/strong> <a href=\"tel:556133229511\">(61) 3322-9511<\/a><br \/><strong>E-mail: <\/strong><a href=\"mailto:lanesromano@hotmail.com\">lanesromano@hotmail.com<\/a><\/p>\t\t\t\t\t\t\t\t<\/div>\n\t\t\t\t\t<\/div>\n\t\t\t\t<\/div>\n\t\t<div class=\"elementor-element elementor-element-a5ff70b e-flex e-con-boxed e-con e-child\" data-id=\"a5ff70b\" data-element_type=\"container\" data-e-type=\"container\" data-settings=\"{&quot;background_background&quot;:&quot;classic&quot;,&quot;_ha_eqh_enable&quot;:false}\">\n\t\t\t\t\t<div class=\"e-con-inner\">\n\t\t\t\t<div class=\"elementor-element elementor-element-b045f86 elementor-widget elementor-widget-text-editor\" data-id=\"b045f86\" data-element_type=\"widget\" data-e-type=\"widget\" data-widget_type=\"text-editor.default\">\n\t\t\t\t\t\t\t\t\t<p><strong>RM:<\/strong> 11\u00aa RM<br \/><strong>Guarni\u00e7\u00e3o:<\/strong> Bras\u00edlia<br \/><strong>UF:<\/strong> DF<br \/><strong>Escrit\u00f3rio Conveniado:<\/strong> Lu\u00eds Gustavo Muglia <br \/><strong>OAB:<\/strong> 5.162<br \/><strong>Endere\u00e7o:<\/strong> SRTV &#8211; Sul QD 701 &#8211; Lt 04 &#8211; Ed. multiempresarial &#8211; Sala 616 &#8211; Bras\u00edlia\/DF <br \/><strong>CEP: <\/strong>70340-000<br \/><strong>Contato:<\/strong> <a href=\"tel:556133229511\">(61) 3322-9511<\/a><br \/><strong>Site: <\/strong><a href=\"https:\/\/muglia.com.br\/\">www.muglia.com.br<\/a><\/p>\t\t\t\t\t\t\t\t<\/div>\n\t\t\t\t\t<\/div>\n\t\t\t\t<\/div>\n\t\t\t\t<\/div>\n\t\t\t\t<\/div>\n\t\t<div id=\"e-n-tab-content-626861214\" role=\"tabpanel\" aria-labelledby=\"e-n-tab-title-626861214\" data-tab-index=\"4\" style=\"--n-tabs-title-order: 4;\" class=\" elementor-element elementor-element-aac5145 e-con-full e-flex e-con e-child\" data-id=\"aac5145\" data-element_type=\"container\" data-e-type=\"container\" data-settings=\"{&quot;background_background&quot;:&quot;classic&quot;,&quot;_ha_eqh_enable&quot;:false}\">\n\t\t<div class=\"elementor-element elementor-element-fbde50e e-con-full e-flex e-con e-child\" data-id=\"fbde50e\" data-element_type=\"container\" data-e-type=\"container\" data-settings=\"{&quot;_ha_eqh_enable&quot;:false}\">\n\t\t<div class=\"elementor-element elementor-element-7c7aba2 e-flex e-con-boxed e-con e-child\" data-id=\"7c7aba2\" data-element_type=\"container\" data-e-type=\"container\" data-settings=\"{&quot;background_background&quot;:&quot;classic&quot;,&quot;_ha_eqh_enable&quot;:false}\">\n\t\t\t\t\t<div class=\"e-con-inner\">\n\t\t\t\t<div class=\"elementor-element elementor-element-86dffbf elementor-widget elementor-widget-text-editor\" data-id=\"86dffbf\" data-element_type=\"widget\" data-e-type=\"widget\" data-widget_type=\"text-editor.default\">\n\t\t\t\t\t\t\t\t\t<p><strong>RM:<\/strong> 1\u00aa RM<br \/><strong>Guarni\u00e7\u00e3o:<\/strong> Rio de Janeiro<br \/><strong>UF:<\/strong> RJ<br \/><strong>Escrit\u00f3rio Conveniado:<\/strong> TAYAH ADVOGADOS<br \/><strong>OAB:<\/strong> 67.177<br \/><strong>Endere\u00e7o:<\/strong> Av. Gra\u00e7a Aranha, 206 &#8211; Gr 310 &#8211; Centro &#8211; Rio de Janeiro<br \/><strong>CEP:<\/strong> 20.031-001<br \/><strong>Contato:<\/strong> <a href=\"tel:552121117757\">(21) 2111-7757<\/a> \/ <a href=\"tel:5521998917757\">(21) 99891-7757<\/a><br \/><strong>E-mail:<\/strong> <a href=\"mailto:atendimento2@tayah.com.br\">atendimento2@tayah.com.br<\/a><\/p>\t\t\t\t\t\t\t\t<\/div>\n\t\t\t\t\t<\/div>\n\t\t\t\t<\/div>\n\t\t<div class=\"elementor-element elementor-element-5d16be9 e-flex e-con-boxed e-con e-child\" data-id=\"5d16be9\" data-element_type=\"container\" data-e-type=\"container\" data-settings=\"{&quot;background_background&quot;:&quot;classic&quot;,&quot;_ha_eqh_enable&quot;:false}\">\n\t\t\t\t\t<div class=\"e-con-inner\">\n\t\t\t\t<div class=\"elementor-element elementor-element-1b994f9 elementor-widget elementor-widget-text-editor\" data-id=\"1b994f9\" data-element_type=\"widget\" data-e-type=\"widget\" data-widget_type=\"text-editor.default\">\n\t\t\t\t\t\t\t\t\t<p><strong>RM:<\/strong> 1\u00aa RM<br \/><strong>Guarni\u00e7\u00e3o:<\/strong> Resende<br \/><strong>UF:<\/strong> RJ<br \/><strong>Escrit\u00f3rio Conveniado:<\/strong> Bernardo Ururahy Abbot Galv\u00e3o<br \/><strong>OAB:<\/strong> 237.030<br \/><strong>Endere\u00e7o:<\/strong> Rua Luiz Ferreira Pinto, n\u00ba 121, sala 203, Manejo, Resende\/RJ<br \/><strong>CEP:<\/strong> 27520-330<br \/><strong>Contato:<\/strong> <a href=\"tel:5524974033403\">(24) 97403-3403<\/a><br \/><strong>E-mail:<\/strong> <a href=\"mailto:bernardo.abbott@gmail.com\">bernardo.abbott@gmail.com<\/a><\/p>\t\t\t\t\t\t\t\t<\/div>\n\t\t\t\t\t<\/div>\n\t\t\t\t<\/div>\n\t\t<div class=\"elementor-element elementor-element-49da124 e-flex e-con-boxed e-con e-child\" data-id=\"49da124\" data-element_type=\"container\" data-e-type=\"container\" data-settings=\"{&quot;background_background&quot;:&quot;classic&quot;,&quot;_ha_eqh_enable&quot;:false}\">\n\t\t\t\t\t<div class=\"e-con-inner\">\n\t\t\t\t<div class=\"elementor-element elementor-element-96fff1c elementor-widget elementor-widget-text-editor\" data-id=\"96fff1c\" data-element_type=\"widget\" data-e-type=\"widget\" data-widget_type=\"text-editor.default\">\n\t\t\t\t\t\t\t\t\t<p><strong>RM:<\/strong> 4\u00aa RM<br \/><strong>Guarni\u00e7\u00e3o:<\/strong> Belo Horizonte<br \/><strong>UF:<\/strong> MG<br \/><strong>Escrit\u00f3rio Conveniado:<\/strong> Petr\u00f4nio Mendes de Souza<br \/><strong>OAB:<\/strong> 94.151<br \/><strong>Endere\u00e7o:<\/strong> Rua dos Caet\u00e9s, n\u00ba 530\/321, Centro, Belo Horizonte\/MG<br \/><strong>CEP:<\/strong> 30120-908<br \/><strong>Contato:<\/strong> <a href=\"tel:553134860403\">(31) 3486-0403<\/a> \/ <a href=\"tel:5531988285256\">(31) 98828-5256<\/a><br \/><strong>E-mail:<\/strong> <a href=\"mailto:petroniomendes@uol.com.br\">petroniomendes@uol.com.br<\/a><\/p>\t\t\t\t\t\t\t\t<\/div>\n\t\t\t\t\t<\/div>\n\t\t\t\t<\/div>\n\t\t<div class=\"elementor-element elementor-element-4ab84fd e-flex e-con-boxed e-con e-child\" data-id=\"4ab84fd\" data-element_type=\"container\" data-e-type=\"container\" data-settings=\"{&quot;background_background&quot;:&quot;classic&quot;,&quot;_ha_eqh_enable&quot;:false}\">\n\t\t\t\t\t<div class=\"e-con-inner\">\n\t\t\t\t<div class=\"elementor-element elementor-element-8a528c6 elementor-widget elementor-widget-text-editor\" data-id=\"8a528c6\" data-element_type=\"widget\" data-e-type=\"widget\" data-widget_type=\"text-editor.default\">\n\t\t\t\t\t\t\t\t\t<p><strong>RM:<\/strong> 4\u00aa RM<br \/><strong>Guarni\u00e7\u00e3o:<\/strong> Juiz de Fora<br \/><strong>UF:<\/strong> MG<br \/><strong>Escrit\u00f3rio Conveniado:<\/strong> Mariana Teixeira Neves Ramos<br \/><strong>OAB:<\/strong> 142.525<br \/><strong>Endere\u00e7o:<\/strong> Avenida Bar\u00e1o do Rio Branco, n\u00ba 1.863, sala 710, Centro\/Juiz de Fora<br \/><strong>CEP:<\/strong> 36013-020<br \/><strong>Contato:<\/strong> <a href=\"tel:5532991267556\">(32) 99126-7556<\/a> \/ <a href=\"tel:553232180191\">(32) 3218-0191<\/a><br \/><strong>E-mail:<\/strong> <a href=\"mailto:marianateixeiranevesadv@gmail.com\">marianateixeiranevesadv@gmail.com<\/a><\/p>\t\t\t\t\t\t\t\t<\/div>\n\t\t\t\t\t<\/div>\n\t\t\t\t<\/div>\n\t\t<div class=\"elementor-element elementor-element-ec733d2 e-flex e-con-boxed e-con e-child\" data-id=\"ec733d2\" data-element_type=\"container\" data-e-type=\"container\" data-settings=\"{&quot;background_background&quot;:&quot;classic&quot;,&quot;_ha_eqh_enable&quot;:false}\">\n\t\t\t\t\t<div class=\"e-con-inner\">\n\t\t\t\t<div class=\"elementor-element elementor-element-f8cc6dd elementor-widget elementor-widget-text-editor\" data-id=\"f8cc6dd\" data-element_type=\"widget\" data-e-type=\"widget\" data-widget_type=\"text-editor.default\">\n\t\t\t\t\t\t\t\t\t<p><strong>RM:<\/strong> 4\u00aa RM<br \/><strong>Guarni\u00e7\u00e3o:<\/strong> Tr\u00eas Cora\u00e7\u00f5es<br \/><strong>UF:<\/strong> MG<br \/><strong>Escrit\u00f3rio Conveniado:<\/strong> Larissa Chaves Resende<br \/><strong>OAB:<\/strong> 181.929<br \/><strong>Endere\u00e7o:<\/strong> Av. Juli\u00e3o Arbex,62, ap.1, Tr\u00eas Cora\u00e7\u00f5es\/MG<br \/><strong>CEP:<\/strong> 37410-109<br \/><strong>Contato:<\/strong> <a href=\"tel:5535991693599\">(35) 99169-3599<\/a><br \/><strong>E-mail:<\/strong> <a href=\"mailto:larissaresendeadvocacia@hotmail.com\">larissaresendeadvocacia@hotmail.com<\/a><\/p>\t\t\t\t\t\t\t\t<\/div>\n\t\t\t\t\t<\/div>\n\t\t\t\t<\/div>\n\t\t\t\t<\/div>\n\t\t<div class=\"elementor-element elementor-element-7a79c19 e-con-full e-flex e-con e-child\" data-id=\"7a79c19\" data-element_type=\"container\" data-e-type=\"container\" data-settings=\"{&quot;_ha_eqh_enable&quot;:false}\">\n\t\t<div class=\"elementor-element elementor-element-2fb72a2 e-flex e-con-boxed e-con e-child\" data-id=\"2fb72a2\" data-element_type=\"container\" data-e-type=\"container\" data-settings=\"{&quot;background_background&quot;:&quot;classic&quot;,&quot;_ha_eqh_enable&quot;:false}\">\n\t\t\t\t\t<div class=\"e-con-inner\">\n\t\t\t\t<div class=\"elementor-element elementor-element-1a70940 elementor-widget elementor-widget-text-editor\" data-id=\"1a70940\" data-element_type=\"widget\" data-e-type=\"widget\" data-widget_type=\"text-editor.default\">\n\t\t\t\t\t\t\t\t\t<p><strong>RM:<\/strong> 2\u00aa RM<br \/><strong>Guarni\u00e7\u00e3o:<\/strong> S\u00e3o Paulo<br \/><strong>UF:<\/strong> SP<br \/><strong>Escrit\u00f3rio Conveniado:<\/strong> Beatriz Batista Valchi<br \/><strong>OAB:<\/strong> 211.033<br \/><strong>Endere\u00e7o:<\/strong> Rua Guara\u00eduva, n\u00ba 370, Brooklin, S\u00e3o Paulo\/SP<br \/><strong>CEP:<\/strong> 04.569-000<br \/><strong>Contato:<\/strong> <a href=\"tel:551150634376\">(11) 5063-4376<\/a><br \/><strong>E-mail:<\/strong><\/p>\t\t\t\t\t\t\t\t<\/div>\n\t\t\t\t\t<\/div>\n\t\t\t\t<\/div>\n\t\t<div class=\"elementor-element elementor-element-5a95c08 e-flex e-con-boxed e-con e-child\" data-id=\"5a95c08\" data-element_type=\"container\" data-e-type=\"container\" data-settings=\"{&quot;background_background&quot;:&quot;classic&quot;,&quot;_ha_eqh_enable&quot;:false}\">\n\t\t\t\t\t<div class=\"e-con-inner\">\n\t\t\t\t<div class=\"elementor-element elementor-element-b41e4d3 elementor-widget elementor-widget-text-editor\" data-id=\"b41e4d3\" data-element_type=\"widget\" data-e-type=\"widget\" data-widget_type=\"text-editor.default\">\n\t\t\t\t\t\t\t\t\t<p><strong>RM:<\/strong> 2\u00aa RM<br \/><strong>Guarni\u00e7\u00e3o:<\/strong> Campinas<br \/><strong>UF:<\/strong> SP<br \/><strong>Escrit\u00f3rio Conveniado:<\/strong> Pedro Henrique toledo<br \/><strong>OAB:<\/strong> 363.766<br \/><strong>Endere\u00e7o:<\/strong> Rua Isolethe Augusta souza Aranha, n\u00ba 33, CJ 28, Centro, Campinas\/SP<br \/><strong>CEP:<\/strong> 13.010-217<br \/><strong>Contato:<\/strong> <a href=\"tel:5519996232299\">(19) 99623-2299<\/a><br \/><strong>E-mail:<\/strong> <a href=\"mailto:pedro26_hts@hotmail.com\">pedro26_hts@hotmail.com <\/a><\/p>\t\t\t\t\t\t\t\t<\/div>\n\t\t\t\t\t<\/div>\n\t\t\t\t<\/div>\n\t\t<div class=\"elementor-element elementor-element-b019899 e-flex e-con-boxed e-con e-child\" data-id=\"b019899\" data-element_type=\"container\" data-e-type=\"container\" data-settings=\"{&quot;background_background&quot;:&quot;classic&quot;,&quot;_ha_eqh_enable&quot;:false}\">\n\t\t\t\t\t<div class=\"e-con-inner\">\n\t\t\t\t<div class=\"elementor-element elementor-element-9991837 elementor-widget elementor-widget-text-editor\" data-id=\"9991837\" data-element_type=\"widget\" data-e-type=\"widget\" data-widget_type=\"text-editor.default\">\n\t\t\t\t\t\t\t\t\t<p><strong>RM:<\/strong> 2\u00aa RM<br \/><strong>Guarni\u00e7\u00e3o:<\/strong> Taubat\u00e9<br \/><strong>UF:<\/strong> SP<br \/><strong>Escrit\u00f3rio Conveniado:<\/strong> Ros\u00e2ngela da F\u00e1tima da Silva <br \/><strong>OAB:<\/strong> 448.461<br \/><strong>Endere\u00e7o:<\/strong> Av. Helvino de Moraes, 531, sala 166, Taubat\u00e9\/SP<br \/><strong>CEP:<\/strong> 12070-450<br \/><strong>Contato:<\/strong> <a href=\"tel:5512996564671\">(12) 99656-4671<\/a><br \/><strong>E-mail:<\/strong> <a href=\"mailto:ros_agela@yahoo.com.br\">ros_agela@yahoo.com.br\u00a0<\/a><\/p>\t\t\t\t\t\t\t\t<\/div>\n\t\t\t\t\t<\/div>\n\t\t\t\t<\/div>\n\t\t<div class=\"elementor-element elementor-element-26316ad e-flex e-con-boxed e-con e-child\" data-id=\"26316ad\" data-element_type=\"container\" data-e-type=\"container\" data-settings=\"{&quot;background_background&quot;:&quot;classic&quot;,&quot;_ha_eqh_enable&quot;:false}\">\n\t\t\t\t\t<div class=\"e-con-inner\">\n\t\t\t\t<div class=\"elementor-element elementor-element-530a83c elementor-widget elementor-widget-text-editor\" data-id=\"530a83c\" data-element_type=\"widget\" data-e-type=\"widget\" data-widget_type=\"text-editor.default\">\n\t\t\t\t\t\t\t\t\t<p><strong>RM:<\/strong> 1\u00aa RM<br \/><strong>Guarni\u00e7\u00e3o:<\/strong> Vila Velha<br \/><strong>UF:<\/strong> ES<br \/><strong>Escrit\u00f3rio Conveniado:<\/strong> Fabio Fonseca Pinheiro de Lacerda<br \/><strong>OAB:<\/strong> 12.841<br \/><strong>Endere\u00e7o:<\/strong> Av. Champagnat, n\u00ba 1073, Ed. Atl\u00e2ntico Sul, Sl 713, Centro, Vila Velha\/ES<br \/><strong>CEP:<\/strong> 29.100-909<br \/><strong>Contato:<\/strong> <a href=\"tel:552730623065\">(27) 3062-3065<\/a> \/ <a href=\"tel:5527981115439\">(27) 98111-5439<\/a><br \/><strong>E-mail:<\/strong> <a href=\"mailto:fplacerda@terra.com.br\">fplacerda@terra.com.br<\/a><\/p>\t\t\t\t\t\t\t\t<\/div>\n\t\t\t\t\t<\/div>\n\t\t\t\t<\/div>\n\t\t\t\t<\/div>\n\t\t\t\t<\/div>\n\t\t<div id=\"e-n-tab-content-626861215\" role=\"tabpanel\" aria-labelledby=\"e-n-tab-title-626861215\" data-tab-index=\"5\" style=\"--n-tabs-title-order: 5;\" class=\" elementor-element elementor-element-5bf1503 e-con-full e-flex e-con e-child\" data-id=\"5bf1503\" data-element_type=\"container\" data-e-type=\"container\" data-settings=\"{&quot;background_background&quot;:&quot;classic&quot;,&quot;_ha_eqh_enable&quot;:false}\">\n\t\t<div class=\"elementor-element elementor-element-2a2cb2d e-con-full e-flex e-con e-child\" data-id=\"2a2cb2d\" data-element_type=\"container\" data-e-type=\"container\" data-settings=\"{&quot;_ha_eqh_enable&quot;:false}\">\n\t\t<div class=\"elementor-element elementor-element-d243b55 e-flex e-con-boxed e-con e-child\" data-id=\"d243b55\" data-element_type=\"container\" data-e-type=\"container\" data-settings=\"{&quot;background_background&quot;:&quot;classic&quot;,&quot;_ha_eqh_enable&quot;:false}\">\n\t\t\t\t\t<div class=\"e-con-inner\">\n\t\t\t\t<div class=\"elementor-element elementor-element-bdad817 elementor-widget elementor-widget-text-editor\" data-id=\"bdad817\" data-element_type=\"widget\" data-e-type=\"widget\" data-widget_type=\"text-editor.default\">\n\t\t\t\t\t\t\t\t\t<p><strong>RM:<\/strong> 3\u00aa RM<br \/><strong>Guarni\u00e7\u00e3o:<\/strong> Uruguaiana<br \/><strong>UF:<\/strong> RS<br \/><strong>Escrit\u00f3rio Conveniado:<\/strong> Rodrigo de Oliveira Vieira<br \/><strong>OAB:<\/strong> 39.456<br \/><strong>Endere\u00e7o:<\/strong> Rua 15 de Novembro, n\u00ba 1.402, Sala 11, Uruguaiana\/RS<br \/><strong>CEP: <\/strong>97501-570 <br \/><strong>Contato:<\/strong> <a href=\"tel:5555999877680\">(55) 99987-7680<\/a><br \/><strong>E-mail: <\/strong><a href=\"mailto:rodrigovieiraadvocacia@gmail.com\">rodrigovieiraadvocacia@gmail.com<\/a><\/p>\t\t\t\t\t\t\t\t<\/div>\n\t\t\t\t\t<\/div>\n\t\t\t\t<\/div>\n\t\t<div class=\"elementor-element elementor-element-c2e3550 e-flex e-con-boxed e-con e-child\" data-id=\"c2e3550\" data-element_type=\"container\" data-e-type=\"container\" data-settings=\"{&quot;background_background&quot;:&quot;classic&quot;,&quot;_ha_eqh_enable&quot;:false}\">\n\t\t\t\t\t<div class=\"e-con-inner\">\n\t\t\t\t<div class=\"elementor-element elementor-element-c12d1f1 elementor-widget elementor-widget-text-editor\" data-id=\"c12d1f1\" data-element_type=\"widget\" data-e-type=\"widget\" data-widget_type=\"text-editor.default\">\n\t\t\t\t\t\t\t\t\t<p><strong>RM:<\/strong> 3\u00aa RM<br \/><strong>Guarni\u00e7\u00e3o:<\/strong> Santa Maria<br \/><strong>UF:<\/strong> RS<br \/><strong>Escrit\u00f3rio Conveniado:<\/strong> Irlana Flores Fontela<br \/><strong>OAB:<\/strong> 124.492<br \/><strong>Endere\u00e7o:<\/strong> Rua Doutor Pantale\u00e3o, n\u00ba 587, Centro, Santa Maria\/RS<br \/><strong>CEP: <\/strong>97010-180<br \/><strong>Contato:<\/strong> <a href=\"tel:5555981413522\">(55) 98141-3522<\/a><br \/><strong>E-mail: <\/strong><a href=\"mailto:irlana.floress@gmail.com\">irlana.floress@gmail.com<\/a><\/p>\t\t\t\t\t\t\t\t<\/div>\n\t\t\t\t\t<\/div>\n\t\t\t\t<\/div>\n\t\t<div class=\"elementor-element elementor-element-eed02d1 e-flex e-con-boxed e-con e-child\" data-id=\"eed02d1\" data-element_type=\"container\" data-e-type=\"container\" data-settings=\"{&quot;background_background&quot;:&quot;classic&quot;,&quot;_ha_eqh_enable&quot;:false}\">\n\t\t\t\t\t<div class=\"e-con-inner\">\n\t\t\t\t<div class=\"elementor-element elementor-element-3262fcc elementor-widget elementor-widget-text-editor\" data-id=\"3262fcc\" data-element_type=\"widget\" data-e-type=\"widget\" data-widget_type=\"text-editor.default\">\n\t\t\t\t\t\t\t\t\t<p><strong>RM:<\/strong> 3\u00aa RM<br \/><strong>Guarni\u00e7\u00e3o:<\/strong> Porto Alegre<br \/><strong>UF:<\/strong> RS<br \/><strong>Escrit\u00f3rio Conveniado:<\/strong> Yago Torres Silveira<br \/><strong>OAB:<\/strong> 119.649<br \/><strong>Endere\u00e7o:<\/strong> Rua Azenha 1.591 \u2013 Porto Alegre\/RS<br \/><strong>CEP: <\/strong>90.160-003<br \/><strong>Contato:<\/strong> <a href=\"tel:5555996816008\">(55) 99681-6008<\/a><br \/><strong>E-mail:<\/strong> <a href=\"mailto:yagotorress@outlook.com\">yagotorress@outlook.com<\/a><\/p>\t\t\t\t\t\t\t\t<\/div>\n\t\t\t\t\t<\/div>\n\t\t\t\t<\/div>\n\t\t\t\t<\/div>\n\t\t<div class=\"elementor-element elementor-element-79bd679 e-con-full e-flex e-con e-child\" data-id=\"79bd679\" data-element_type=\"container\" data-e-type=\"container\" data-settings=\"{&quot;_ha_eqh_enable&quot;:false}\">\n\t\t<div class=\"elementor-element elementor-element-8b861c4 e-flex e-con-boxed e-con e-child\" data-id=\"8b861c4\" data-element_type=\"container\" data-e-type=\"container\" data-settings=\"{&quot;background_background&quot;:&quot;classic&quot;,&quot;_ha_eqh_enable&quot;:false}\">\n\t\t\t\t\t<div class=\"e-con-inner\">\n\t\t\t\t<div class=\"elementor-element elementor-element-7fe560b elementor-widget elementor-widget-text-editor\" data-id=\"7fe560b\" data-element_type=\"widget\" data-e-type=\"widget\" data-widget_type=\"text-editor.default\">\n\t\t\t\t\t\t\t\t\t<p><strong>RM:<\/strong> 5\u00aa RM<br \/><strong>Guarni\u00e7\u00e3o:<\/strong> Florian\u00f3polis<br \/><strong>UF:<\/strong> SC<br \/><strong>Escrit\u00f3rio Conveniado:<\/strong> Milton Tolentino de Souza JR<br \/><strong>OAB:<\/strong> <br \/><strong>Endere\u00e7o:<\/strong> Av Nereu Ramos, n\u00ba 515, Balne\u00e1rio Pi\u00e7arras \/ Santa Catarina<br \/><strong>CEP: <\/strong>88380-000 <br \/><strong>Contato:<\/strong> <a href=\"tel:554733450128\">(47) 3345-0128<\/a><\/p>\t\t\t\t\t\t\t\t<\/div>\n\t\t\t\t\t<\/div>\n\t\t\t\t<\/div>\n\t\t<div class=\"elementor-element elementor-element-ac87fcf e-flex e-con-boxed e-con e-child\" data-id=\"ac87fcf\" data-element_type=\"container\" data-e-type=\"container\" data-settings=\"{&quot;background_background&quot;:&quot;classic&quot;,&quot;_ha_eqh_enable&quot;:false}\">\n\t\t\t\t\t<div class=\"e-con-inner\">\n\t\t\t\t<div class=\"elementor-element elementor-element-44910fd elementor-widget elementor-widget-text-editor\" data-id=\"44910fd\" data-element_type=\"widget\" data-e-type=\"widget\" data-widget_type=\"text-editor.default\">\n\t\t\t\t\t\t\t\t\t<p><strong>RM:<\/strong> 5\u00aa RM<br \/><strong>Guarni\u00e7\u00e3o:<\/strong> Florian\u00f3polis<br \/><strong>UF:<\/strong> SC<br \/><strong>Escrit\u00f3rio Conveniado:<\/strong> Arzua Advocacia e Consultoria<br \/><strong>OAB:<\/strong> 11.478<br \/><strong>Endere\u00e7o:<\/strong> Rua Felipe Schimitt, n\u00ba 657, Sl. 902 &#8211; Edif\u00edcio Golden Tower &#8211; Centro \/ Florian\u00f3polis<br \/><strong>CEP: <\/strong>88010-001 <br \/><strong>Contato:<\/strong> <a href=\"tel:554830282711\">(48) 3028-2711<\/a> \/ <a href=\"tel:5548995109660\">(48) 99510-9660<\/a><br \/><strong>E-mail:<\/strong> \u200e<a href=\"mailto:mjarzua@gmail.com\">mjarzua@gmail.com<\/a><\/p>\t\t\t\t\t\t\t\t<\/div>\n\t\t\t\t\t<\/div>\n\t\t\t\t<\/div>\n\t\t<div class=\"elementor-element elementor-element-abaf979 e-flex e-con-boxed e-con e-child\" data-id=\"abaf979\" data-element_type=\"container\" data-e-type=\"container\" data-settings=\"{&quot;background_background&quot;:&quot;classic&quot;,&quot;_ha_eqh_enable&quot;:false}\">\n\t\t\t\t\t<div class=\"e-con-inner\">\n\t\t\t\t<div class=\"elementor-element elementor-element-4540733 elementor-widget elementor-widget-text-editor\" data-id=\"4540733\" data-element_type=\"widget\" data-e-type=\"widget\" data-widget_type=\"text-editor.default\">\n\t\t\t\t\t\t\t\t\t<p><strong>RM:<\/strong> 5\u00aa RM<br \/><strong>Guarni\u00e7\u00e3o:<\/strong> Curitiba<br \/><strong>UF:<\/strong> PR<br \/><strong>Escrit\u00f3rio Conveniado:<\/strong> Luiz Francisco Kasprzak<br \/><strong>OAB:<\/strong> 58.062<br \/><strong>Endere\u00e7o:<\/strong> Rua Heitor Stockler de Fran\u00e7a, n\u00ba 396 Cj 1.505, Curitiba\/PR<br \/><strong>CEP:<\/strong> <br \/><strong>Contato:<\/strong> <a href=\"tel:554135322502\">(41) 3532-2502<\/a> \/ <a href=\"tel:554199992502\">(41) 9999-2502<\/a><br \/><strong>E-mail:<\/strong> \u200e<a href=\"mailto:luiz@kasper.adv.br\">luiz@kasper.adv.br<\/a><\/p>\t\t\t\t\t\t\t\t<\/div>\n\t\t\t\t\t<\/div>\n\t\t\t\t<\/div>\n\t\t\t\t<\/div>\n\t\t\t\t<\/div>\n\t\t\t\t\t<\/div>\n\t\t<\/div>\n\t\t\t\t\t\t<\/div>\n\t\t\t\t\t<\/div>\n\t\t\t\t<\/div>\n\t\t<div class=\"elementor-element elementor-element-500beed e-flex e-con-boxed e-con e-parent\" data-id=\"500beed\" data-element_type=\"container\" data-e-type=\"container\" data-settings=\"{&quot;background_background&quot;:&quot;classic&quot;,&quot;_ha_eqh_enable&quot;:false}\">\n\t\t\t\t\t<div class=\"e-con-inner\">\n\t\t<div class=\"elementor-element elementor-element-1b9cf7c e-con-full e-flex e-con e-child\" data-id=\"1b9cf7c\" data-element_type=\"container\" data-e-type=\"container\" data-settings=\"{&quot;animation&quot;:&quot;none&quot;,&quot;_ha_eqh_enable&quot;:false}\">\n\t\t\t\t<div class=\"elementor-element elementor-element-65932d6 elementor-widget elementor-widget-heading\" data-id=\"65932d6\" data-element_type=\"widget\" data-e-type=\"widget\" data-widget_type=\"heading.default\">\n\t\t\t\t\t<h2 class=\"elementor-heading-title elementor-size-default\">Caro colega advogado!<\/h2>\t\t\t\t<\/div>\n\t\t\t\t<div class=\"elementor-element elementor-element-52bff7c elementor-widget__width-initial elementor-widget-mobile__width-inherit elementor-widget elementor-widget-heading\" data-id=\"52bff7c\" data-element_type=\"widget\" data-e-type=\"widget\" data-widget_type=\"heading.default\">\n\t\t\t\t\t<h2 class=\"elementor-heading-title elementor-size-default\">Caso queira integrar a nossa alian\u00e7a para presta\u00e7\u00e3o de servi\u00e7os jur\u00eddicos na sua regi\u00e3o<\/h2>\t\t\t\t<\/div>\n\t\t\t\t<\/div>\n\t\t<div class=\"elementor-element elementor-element-fef6d58 e-flex e-con-boxed e-con e-child\" data-id=\"fef6d58\" data-element_type=\"container\" data-e-type=\"container\" data-settings=\"{&quot;animation&quot;:&quot;none&quot;,&quot;_ha_eqh_enable&quot;:false}\">\n\t\t\t\t\t<div class=\"e-con-inner\">\n\t\t\t\t<div class=\"elementor-element elementor-element-928dad8 elementor-align-center elementor-widget elementor-widget-button\" data-id=\"928dad8\" data-element_type=\"widget\" data-e-type=\"widget\" data-settings=\"{&quot;_animation&quot;:&quot;none&quot;}\" data-widget_type=\"button.default\">\n\t\t\t\t\t\t\t\t\t\t<a class=\"elementor-button elementor-button-link elementor-size-sm elementor-animation-pulse-shrink\" href=\"https:\/\/tayah.com.br\/new\/contato\/\">\n\t\t\t\t\t\t<span class=\"elementor-button-content-wrapper\">\n\t\t\t\t\t\t\t\t\t<span class=\"elementor-button-text\">Entre em contato<\/span>\n\t\t\t\t\t<\/span>\n\t\t\t\t\t<\/a>\n\t\t\t\t\t\t\t\t<\/div>\n\t\t\t\t\t<\/div>\n\t\t\t\t<\/div>\n\t\t\t\t\t<\/div>\n\t\t\t\t<\/div>\n\t\t<div class=\"elementor-element elementor-element-d196bc9 e-flex e-con-boxed e-con e-parent\" data-id=\"d196bc9\" data-element_type=\"container\" data-e-type=\"container\" data-settings=\"{&quot;_ha_eqh_enable&quot;:false}\">\n\t\t\t\t\t<div class=\"e-con-inner\">\n\t\t<div class=\"elementor-element elementor-element-88cf907 e-con-full e-flex elementor-invisible e-con e-child\" data-id=\"88cf907\" data-element_type=\"container\" data-e-type=\"container\" data-settings=\"{&quot;animation&quot;:&quot;fadeInLeft&quot;,&quot;_ha_eqh_enable&quot;:false}\">\n\t\t\t\t<div class=\"elementor-element elementor-element-6c1ae8d elementor-widget elementor-widget-heading\" data-id=\"6c1ae8d\" data-element_type=\"widget\" data-e-type=\"widget\" data-widget_type=\"heading.default\">\n\t\t\t\t\t<h3 class=\"elementor-heading-title elementor-size-default\"><a href=\"https:\/\/tayah.com.br\/new\/convenios\">Conv\u00eanios!<\/a><\/h3>\t\t\t\t<\/div>\n\t\t\t\t<div class=\"elementor-element elementor-element-fcb83e3 elementor-widget-divider--view-line elementor-widget elementor-widget-divider\" data-id=\"fcb83e3\" data-element_type=\"widget\" data-e-type=\"widget\" data-widget_type=\"divider.default\">\n\t\t\t\t\t\t\t<div class=\"elementor-divider\">\n\t\t\t<span class=\"elementor-divider-separator\">\n\t\t\t\t\t\t<\/span>\n\t\t<\/div>\n\t\t\t\t\t\t<\/div>\n\t\t\t\t<div class=\"elementor-element elementor-element-3d1b0ea elementor-widget elementor-widget-heading\" data-id=\"3d1b0ea\" data-element_type=\"widget\" data-e-type=\"widget\" data-widget_type=\"heading.default\">\n\t\t\t\t\t<h2 class=\"elementor-heading-title elementor-size-default\"><a href=\"https:\/\/tayah.com.br\/new\/convenios\">J\u00e1 \u00e9 um associado?<br>Est\u00e1 pecisando de uma ajuda jur\u00eddica?<br>Encontre aqui o advogado mais pr\u00f3ximo para voc\u00ea.<\/a><\/h2>\t\t\t\t<\/div>\n\t\t\t\t<\/div>\n\t\t<div class=\"elementor-element elementor-element-9b208e5 e-con-full e-flex elementor-invisible e-con e-child\" data-id=\"9b208e5\" data-element_type=\"container\" data-e-type=\"container\" data-settings=\"{&quot;animation&quot;:&quot;fadeInRight&quot;,&quot;_ha_eqh_enable&quot;:false}\">\n\t\t\t\t<div class=\"elementor-element elementor-element-acd8948 elementor-widget elementor-widget-image-carousel\" data-id=\"acd8948\" data-element_type=\"widget\" data-e-type=\"widget\" data-settings=\"{&quot;navigation&quot;:&quot;none&quot;,&quot;slides_to_show&quot;:&quot;3&quot;,&quot;lazyload&quot;:&quot;yes&quot;,&quot;slides_to_show_mobile&quot;:&quot;3&quot;,&quot;autoplay&quot;:&quot;yes&quot;,&quot;pause_on_hover&quot;:&quot;yes&quot;,&quot;pause_on_interaction&quot;:&quot;yes&quot;,&quot;autoplay_speed&quot;:5000,&quot;infinite&quot;:&quot;yes&quot;,&quot;speed&quot;:500}\" data-widget_type=\"image-carousel.default\">\n\t\t\t\t\t\t\t<div class=\"elementor-image-carousel-wrapper swiper\" role=\"region\" aria-roledescription=\"carousel\" aria-label=\"Carrossel de imagens\" dir=\"ltr\">\n\t\t\t<div class=\"elementor-image-carousel swiper-wrapper\" aria-live=\"off\">\n\t\t\t\t\t\t\t\t<div class=\"swiper-slide\" role=\"group\" aria-roledescription=\"slide\" aria-label=\"1 de 8\"><a data-elementor-open-lightbox=\"yes\" data-elementor-lightbox-slideshow=\"acd8948\" data-elementor-lightbox-title=\"asnab\" data-elementor-lightbox-description=\"Logo ASNAB - Sliders\" data-e-action-hash=\"#elementor-action%3Aaction%3Dlightbox%26settings%3DeyJpZCI6NDgyLCJ1cmwiOiJodHRwczpcL1wvdGF5YWguY29tLmJyXC9uZXdcL3dwLWNvbnRlbnRcL3VwbG9hZHNcLzIwMjNcLzAyXC9hc25hYi5wbmciLCJzbGlkZXNob3ciOiJhY2Q4OTQ4In0%3D\" href=\"https:\/\/tayah.com.br\/new\/convenios\"><figure class=\"swiper-slide-inner\"><img class=\"swiper-slide-image swiper-lazy\" data-src=\"https:\/\/tayah.com.br\/new\/wp-content\/uploads\/2023\/02\/asnab-150x150.png\" alt=\"Logo ASNAB - Sliders\" \/><div class=\"swiper-lazy-preloader\"><\/div><\/figure><\/a><\/div><div class=\"swiper-slide\" role=\"group\" aria-roledescription=\"slide\" aria-label=\"2 de 8\"><a data-elementor-open-lightbox=\"yes\" data-elementor-lightbox-slideshow=\"acd8948\" data-elementor-lightbox-title=\"anadem\" data-elementor-lightbox-description=\"Logo ANADEM - Sliders\" data-e-action-hash=\"#elementor-action%3Aaction%3Dlightbox%26settings%3DeyJpZCI6NDgzLCJ1cmwiOiJodHRwczpcL1wvdGF5YWguY29tLmJyXC9uZXdcL3dwLWNvbnRlbnRcL3VwbG9hZHNcLzIwMjNcLzAyXC9hbmFkZW0ucG5nIiwic2xpZGVzaG93IjoiYWNkODk0OCJ9\" href=\"https:\/\/tayah.com.br\/new\/convenios\"><figure class=\"swiper-slide-inner\"><img class=\"swiper-slide-image swiper-lazy\" data-src=\"https:\/\/tayah.com.br\/new\/wp-content\/uploads\/2023\/02\/anadem-150x150.png\" alt=\"Logo ANADEM - Sliders\" \/><div class=\"swiper-lazy-preloader\"><\/div><\/figure><\/a><\/div><div class=\"swiper-slide\" role=\"group\" aria-roledescription=\"slide\" aria-label=\"3 de 8\"><a data-elementor-open-lightbox=\"yes\" data-elementor-lightbox-slideshow=\"acd8948\" data-elementor-lightbox-title=\"club-militar\" data-elementor-lightbox-description=\"Logo CLUB MILITAR - Sliders\" data-e-action-hash=\"#elementor-action%3Aaction%3Dlightbox%26settings%3DeyJpZCI6NDg0LCJ1cmwiOiJodHRwczpcL1wvdGF5YWguY29tLmJyXC9uZXdcL3dwLWNvbnRlbnRcL3VwbG9hZHNcLzIwMjNcLzAyXC9jbHViLW1pbGl0YXIucG5nIiwic2xpZGVzaG93IjoiYWNkODk0OCJ9\" href=\"https:\/\/tayah.com.br\/new\/convenios\"><figure class=\"swiper-slide-inner\"><img class=\"swiper-slide-image swiper-lazy\" data-src=\"https:\/\/tayah.com.br\/new\/wp-content\/uploads\/2023\/02\/club-militar-150x150.png\" alt=\"Logo CLUB MILITAR - Sliders\" \/><div class=\"swiper-lazy-preloader\"><\/div><\/figure><\/a><\/div><div class=\"swiper-slide\" role=\"group\" aria-roledescription=\"slide\" aria-label=\"4 de 8\"><a data-elementor-open-lightbox=\"yes\" data-elementor-lightbox-slideshow=\"acd8948\" data-elementor-lightbox-title=\"exercito-brasileiro\" data-elementor-lightbox-description=\"Logo EXERCITO BRASILEIRO - Sliders\" data-e-action-hash=\"#elementor-action%3Aaction%3Dlightbox%26settings%3DeyJpZCI6NDg1LCJ1cmwiOiJodHRwczpcL1wvdGF5YWguY29tLmJyXC9uZXdcL3dwLWNvbnRlbnRcL3VwbG9hZHNcLzIwMjNcLzAyXC9leGVyY2l0by1icmFzaWxlaXJvLnBuZyIsInNsaWRlc2hvdyI6ImFjZDg5NDgifQ%3D%3D\" href=\"https:\/\/tayah.com.br\/new\/convenios\"><figure class=\"swiper-slide-inner\"><img class=\"swiper-slide-image swiper-lazy\" data-src=\"https:\/\/tayah.com.br\/new\/wp-content\/uploads\/2023\/02\/exercito-brasileiro-150x150.png\" alt=\"Logo EXERCITO BRASILEIRO - Sliders\" \/><div class=\"swiper-lazy-preloader\"><\/div><\/figure><\/a><\/div><div class=\"swiper-slide\" role=\"group\" aria-roledescription=\"slide\" aria-label=\"5 de 8\"><a data-elementor-open-lightbox=\"yes\" data-elementor-lightbox-slideshow=\"acd8948\" data-elementor-lightbox-title=\"fab\" data-elementor-lightbox-description=\"Logo FAB - Sliders\" data-e-action-hash=\"#elementor-action%3Aaction%3Dlightbox%26settings%3DeyJpZCI6NDg2LCJ1cmwiOiJodHRwczpcL1wvdGF5YWguY29tLmJyXC9uZXdcL3dwLWNvbnRlbnRcL3VwbG9hZHNcLzIwMjNcLzAyXC9mYWIucG5nIiwic2xpZGVzaG93IjoiYWNkODk0OCJ9\" href=\"https:\/\/tayah.com.br\/new\/convenios\"><figure class=\"swiper-slide-inner\"><img class=\"swiper-slide-image swiper-lazy\" data-src=\"https:\/\/tayah.com.br\/new\/wp-content\/uploads\/2023\/02\/fab-150x150.png\" alt=\"Logo FAB - Sliders\" \/><div class=\"swiper-lazy-preloader\"><\/div><\/figure><\/a><\/div><div class=\"swiper-slide\" role=\"group\" aria-roledescription=\"slide\" aria-label=\"6 de 8\"><a data-elementor-open-lightbox=\"yes\" data-elementor-lightbox-slideshow=\"acd8948\" data-elementor-lightbox-title=\"pax-card\" data-elementor-lightbox-description=\"Logo GRUPO NACIONAL PAX - Sliders\" data-e-action-hash=\"#elementor-action%3Aaction%3Dlightbox%26settings%3DeyJpZCI6NDg3LCJ1cmwiOiJodHRwczpcL1wvdGF5YWguY29tLmJyXC9uZXdcL3dwLWNvbnRlbnRcL3VwbG9hZHNcLzIwMjNcLzAyXC9wYXgtY2FyZC5wbmciLCJzbGlkZXNob3ciOiJhY2Q4OTQ4In0%3D\" href=\"https:\/\/tayah.com.br\/new\/convenios\"><figure class=\"swiper-slide-inner\"><img class=\"swiper-slide-image swiper-lazy\" data-src=\"https:\/\/tayah.com.br\/new\/wp-content\/uploads\/2023\/02\/pax-card-150x150.png\" alt=\"Logo GRUPO NACIONAL PAX - Sliders\" \/><div class=\"swiper-lazy-preloader\"><\/div><\/figure><\/a><\/div><div class=\"swiper-slide\" role=\"group\" aria-roledescription=\"slide\" aria-label=\"7 de 8\"><a data-elementor-open-lightbox=\"yes\" data-elementor-lightbox-slideshow=\"acd8948\" data-elementor-lightbox-title=\"sindipol-ba\" data-elementor-lightbox-description=\"Logo SINDIPOL - Sliders\" data-e-action-hash=\"#elementor-action%3Aaction%3Dlightbox%26settings%3DeyJpZCI6NDg4LCJ1cmwiOiJodHRwczpcL1wvdGF5YWguY29tLmJyXC9uZXdcL3dwLWNvbnRlbnRcL3VwbG9hZHNcLzIwMjNcLzAyXC9zaW5kaXBvbC1iYS5wbmciLCJzbGlkZXNob3ciOiJhY2Q4OTQ4In0%3D\" href=\"https:\/\/tayah.com.br\/new\/convenios\"><figure class=\"swiper-slide-inner\"><img class=\"swiper-slide-image swiper-lazy\" data-src=\"https:\/\/tayah.com.br\/new\/wp-content\/uploads\/2023\/02\/sindipol-ba-150x150.png\" alt=\"Logo SINDIPOL - Sliders\" \/><div class=\"swiper-lazy-preloader\"><\/div><\/figure><\/a><\/div><div class=\"swiper-slide\" role=\"group\" aria-roledescription=\"slide\" aria-label=\"8 de 8\"><a data-elementor-open-lightbox=\"yes\" data-elementor-lightbox-slideshow=\"acd8948\" data-elementor-lightbox-title=\"sindprfrj\" data-elementor-lightbox-description=\"Logo SINDPRFRJ - Sliders\" data-e-action-hash=\"#elementor-action%3Aaction%3Dlightbox%26settings%3DeyJpZCI6NDg5LCJ1cmwiOiJodHRwczpcL1wvdGF5YWguY29tLmJyXC9uZXdcL3dwLWNvbnRlbnRcL3VwbG9hZHNcLzIwMjNcLzAyXC9zaW5kcHJmcmoucG5nIiwic2xpZGVzaG93IjoiYWNkODk0OCJ9\" href=\"https:\/\/tayah.com.br\/new\/convenios\"><figure class=\"swiper-slide-inner\"><img class=\"swiper-slide-image swiper-lazy\" data-src=\"https:\/\/tayah.com.br\/new\/wp-content\/uploads\/2023\/02\/sindprfrj-150x150.png\" alt=\"Logo SINDPRFRJ - Sliders\" \/><div class=\"swiper-lazy-preloader\"><\/div><\/figure><\/a><\/div>\t\t\t<\/div>\n\t\t\t\t\t\t\t\n\t\t\t\t\t\t\t\t\t<\/div>\n\t\t\t\t\t\t<\/div>\n\t\t\t\t<\/div>\n\t\t\t\t\t<\/div>\n\t\t\t\t<\/div>\n\t\t\t\t<\/div>\n\t\t","protected":false},"excerpt":{"rendered":"<p>Alian\u00e7a Jur\u00eddica! Alian\u00e7a Jur\u00eddica \u00e9 composta por escrit\u00f3rios de advocacia, presente em todas as regi\u00f5es e nas principais capitais do Brasil, defendendo os interesses de empresas em diversos segmentos da economia, como tamb\u00e9m de pessoas f\u00edsicas, nos mais diversos ramos do Direito. Encontre na listagem abaixo categorizada por estados o escrit\u00f3rio de advocacia parceiro, mais [&hellip;]<\/p>\n","protected":false},"author":1,"featured_media":0,"parent":0,"menu_order":0,"comment_status":"closed","ping_status":"closed","template":"","meta":{"_joinchat":[],"footnotes":""},"class_list":["post-1175","page","type-page","status-publish","hentry"],"_links":{"self":[{"href":"https:\/\/tayah.com.br\/new\/wp-json\/wp\/v2\/pages\/1175","targetHints":{"allow":["GET"]}}],"collection":[{"href":"https:\/\/tayah.com.br\/new\/wp-json\/wp\/v2\/pages"}],"about":[{"href":"https:\/\/tayah.com.br\/new\/wp-json\/wp\/v2\/types\/page"}],"author":[{"embeddable":true,"href":"https:\/\/tayah.com.br\/new\/wp-json\/wp\/v2\/users\/1"}],"replies":[{"embeddable":true,"href":"https:\/\/tayah.com.br\/new\/wp-json\/wp\/v2\/comments?post=1175"}],"version-history":[{"count":403,"href":"https:\/\/tayah.com.br\/new\/wp-json\/wp\/v2\/pages\/1175\/revisions"}],"predecessor-version":[{"id":2919,"href":"https:\/\/tayah.com.br\/new\/wp-json\/wp\/v2\/pages\/1175\/revisions\/2919"}],"wp:attachment":[{"href":"https:\/\/tayah.com.br\/new\/wp-json\/wp\/v2\/media?parent=1175"}],"curies":[{"name":"wp","href":"https:\/\/api.w.org\/{rel}","templated":true}]}}